{"id":16741,"date":"2024-06-18T14:13:26","date_gmt":"2024-06-18T12:13:26","guid":{"rendered":"https:\/\/medien-gesellschaft.soziologie.uni-mainz.de\/?page_id=16741"},"modified":"2025-08-19T20:00:33","modified_gmt":"2025-08-19T18:00:33","slug":"universitaetsprofessor-dr-sascha-dickel","status":"publish","type":"page","link":"https:\/\/medien-gesellschaft.soziologie.uni-mainz.de\/en\/universitaetsprofessor-dr-sascha-dickel\/","title":{"rendered":"Prof. Sascha Dickel"},"content":{"rendered":"\n<div class=\"wp-block-media-text is-stacked-on-mobile is-vertically-aligned-top\" style=\"grid-template-columns:35% auto\"><figure class=\"wp-block-media-text__media\"><img loading=\"lazy\" decoding=\"async\" width=\"721\" height=\"1024\" src=\"https:\/\/medien-gesellschaft.soziologie.uni-mainz.de\/wp-content\/uploads\/sites\/214\/2024\/07\/8R7A61221-721x1024.jpg\" alt=\"\" class=\"wp-image-9571 size-medium\" srcset=\"https:\/\/cms.zdv.uni-mainz.de\/fb02-mediensoziologie\/wp-content\/uploads\/sites\/214\/2024\/07\/8R7A61221-721x1024.jpg 721w, https:\/\/cms.zdv.uni-mainz.de\/fb02-mediensoziologie\/wp-content\/uploads\/sites\/214\/2024\/07\/8R7A61221-211x300.jpg 211w, https:\/\/cms.zdv.uni-mainz.de\/fb02-mediensoziologie\/wp-content\/uploads\/sites\/214\/2024\/07\/8R7A61221-768x1090.jpg 768w, https:\/\/cms.zdv.uni-mainz.de\/fb02-mediensoziologie\/wp-content\/uploads\/sites\/214\/2024\/07\/8R7A61221-1082x1536.jpg 1082w, https:\/\/cms.zdv.uni-mainz.de\/fb02-mediensoziologie\/wp-content\/uploads\/sites\/214\/2024\/07\/8R7A61221-1443x2048.jpg 1443w, https:\/\/cms.zdv.uni-mainz.de\/fb02-mediensoziologie\/wp-content\/uploads\/sites\/214\/2024\/07\/8R7A61221-scaled.jpg 1803w\" sizes=\"auto, (max-width: 721px) 100vw, 721px\" \/><\/figure><div class=\"wp-block-media-text__content\"><jgu-base-heading react-props=\"{\n    &quot;tags&quot;: {\n        &quot;htmlTag&quot;: &quot;h2&quot;,\n        &quot;classTag&quot;: &quot;h2&quot;,\n        &quot;tag&quot;: &quot;h2.h2&quot;\n    },\n    &quot;heading&quot;: &quot;Prof. Dr. Sascha Dickel&quot;,\n    &quot;textAlign&quot;: &quot;left&quot;,\n    &quot;anchor&quot;: &quot;&quot;,\n    &quot;index&quot;: &quot;&quot;,\n    &quot;color&quot;: &quot;red&quot;\n}\"><\/jgu-base-heading>\n\n\n<jgu-base-heading react-props=\"{\n    &quot;tags&quot;: {\n        &quot;htmlTag&quot;: &quot;h3&quot;,\n        &quot;classTag&quot;: &quot;&quot;,\n        &quot;tag&quot;: &quot;h3&quot;\n    },\n    &quot;heading&quot;: &quot;Main research areas&quot;,\n    &quot;textAlign&quot;: &quot;left&quot;,\n    &quot;anchor&quot;: &quot;&quot;,\n    &quot;index&quot;: &quot;&quot;,\n    &quot;color&quot;: &quot;red&quot;\n}\"><\/jgu-base-heading>\n\n\n\n<p>Social and media theory<br\/>Digital participation<br\/>Technological futures<br\/>Qualitative methods <\/p>\n\n\n\n<div class=\"wp-block-columns is-layout-flex wp-container-core-columns-is-layout-9d6595d7 wp-block-columns-is-layout-flex\">\n<div class=\"wp-block-column is-layout-flow wp-block-column-is-layout-flow\"><jgu-base-idm-person react-props=\"{\n    &quot;id&quot;: &quot;5886&quot;,\n    &quot;organizationId&quot;: 3334,\n    &quot;roleId&quot;: 149,\n    &quot;name&quot;: &quot;&quot;,\n    &quot;link&quot;: &quot;idm&quot;,\n    &quot;skipDetails&quot;: [],\n    &quot;align&quot;: &quot;left&quot;,\n    &quot;color&quot;: &quot;default&quot;,\n    &quot;mode&quot;: &quot;edit&quot;,\n    &quot;linkType&quot;: &quot;idm&quot;\n}\">\n        \n<\/jgu-base-idm-person>\n\n\n<jgu-base-button style=\"display: flex; flex-wrap: wrap; column-gap: 30px; max-width: 100%; flex-direction: row; justify-content: left\">\n  \n<jgu-base-buttonitem react-props=\"{\n    &quot;text&quot;: &quot;Arrange a consultation hour&quot;,\n    &quot;link&quot;: {\n        &quot;url&quot;: &quot;https:\\\/\\\/appt.link\\\/dickel&quot;,\n        &quot;linkTarget&quot;: &quot;&quot;,\n        &quot;rel&quot;: &quot;&quot;,\n        &quot;id&quot;: &quot;https:\\\/\\\/appt.link\\\/dickel&quot;,\n        &quot;title&quot;: &quot;https:\\\/\\\/appt.link\\\/dickel&quot;,\n        &quot;type&quot;: &quot;link&quot;,\n        &quot;opensInNewTab&quot;: true\n    },\n    &quot;align&quot;: &quot;left&quot;,\n    &quot;styling&quot;: &quot;primary&quot;,\n    &quot;icon&quot;: &quot;arrow-right-solid&quot;,\n    &quot;type&quot;: &quot;default&quot;,\n    &quot;iconBefore&quot;: false,\n    &quot;isSmall&quot;: false,\n    &quot;fullWidth&quot;: false,\n    &quot;className&quot;: &quot;&quot;\n}\"><\/jgu-base-buttonitem>\n\n<\/jgu-base-button>\n\n<jgu-base-button style=\"display: flex; flex-wrap: wrap; column-gap: 30px; max-width: 100%; flex-direction: row; justify-content: left\">\n  \n<jgu-base-buttonitem react-props=\"{\n    &quot;text&quot;: &quot;To the online consultation&quot;,\n    &quot;link&quot;: {\n        &quot;url&quot;: &quot;https:\\\/\\\/bbb.rlp.net\\\/b\\\/dic-qp2-mdv-qpt&quot;,\n        &quot;linkTarget&quot;: &quot;&quot;,\n        &quot;rel&quot;: &quot;&quot;,\n        &quot;id&quot;: &quot;https:\\\/\\\/bbb.rlp.net\\\/b\\\/dic-qp2-mdv-qpt&quot;,\n        &quot;title&quot;: &quot;https:\\\/\\\/bbb.rlp.net\\\/b\\\/dic-qp2-mdv-qpt&quot;,\n        &quot;type&quot;: &quot;link&quot;,\n        &quot;opensInNewTab&quot;: true\n    },\n    &quot;align&quot;: &quot;left&quot;,\n    &quot;styling&quot;: &quot;primary&quot;,\n    &quot;icon&quot;: &quot;arrow-right-solid&quot;,\n    &quot;type&quot;: &quot;default&quot;,\n    &quot;iconBefore&quot;: false,\n    &quot;isSmall&quot;: false,\n    &quot;fullWidth&quot;: false,\n    &quot;className&quot;: &quot;&quot;\n}\"><\/jgu-base-buttonitem>\n\n<\/jgu-base-button><\/div>\n\n\n\n<div class=\"wp-block-column is-vertically-aligned-center is-layout-constrained wp-block-column-is-layout-constrained\">\n<div class=\"wp-block-group is-vertical is-layout-flex wp-container-core-group-is-layout-8cf370e7 wp-block-group-is-layout-flex\">\n<p class=\"has-text-align-left\"><strong>Vacation consultation<\/strong> <strong>SoSe 2025<\/strong>: August 06, 13:30- 16:00 in room 03.325 (GFG) or digital and September 09, 10:00-14:00, digital only. Please proceed as follows: Click on the &#8220;Arrange consultation hour&#8221; button on the left and independently select an appointment in presence or digitally. Pay attention to the information behind the \u24d8 icon or on the left-hand side in the overview. Enter your name, student e-mail and your request in a concise form. If your booking is successful, you will receive a summary of the appointment in the office hours tool and separately to your specified student email.    <\/p>\n<\/div>\n<\/div>\n<\/div>\n<\/div><\/div>\n\n<div style=\"height:44px\" aria-hidden=\"true\" class=\"wp-block-spacer\"><\/div>\n<jgu-base-anchornavigation react-props=\"{\n    &quot;align&quot;: &quot;wide&quot;,\n    &quot;theme&quot;: &quot;white&quot;\n}\">\n    \n<\/jgu-base-anchornavigation><jgu-base-section react-props=\"{&quot;color&quot;:&quot;light&quot;,&quot;align&quot;:&quot;wide&quot;,&quot;padding&quot;:&quot;medium&quot;}\">\n<div class=\"jgu-bgsection bg bg-light\"><div class=\"content padding-medium\"><div\n\tclass=\"jgu-anchorpoint\"\n\tid=\"Curriculum vitae\"\n\tdata-label=\"Curriculum vitae\"\n\tdata-hide-in-nav=\"false\"\n\ttabindex=\"0\"\n\tdata-initial-scroll=\"true\"\n><\/div>\n\n\n<jgu-base-heading react-props=\"{\n    &quot;tags&quot;: {\n        &quot;htmlTag&quot;: &quot;h2&quot;,\n        &quot;classTag&quot;: &quot;h3&quot;,\n        &quot;tag&quot;: &quot;h2.h3&quot;\n    },\n    &quot;heading&quot;: &quot;Academic positions&quot;,\n    &quot;textAlign&quot;: &quot;left&quot;,\n    &quot;anchor&quot;: &quot;&quot;,\n    &quot;index&quot;: &quot;&quot;,\n    &quot;color&quot;: &quot;red&quot;\n}\"><\/jgu-base-heading>\n\n\n\n<p class=\"has-normal-font-size\"><strong>since 2021<\/strong><br\/>Professor of Sociology of Media and Theory of Society, Johannes Gutenberg University Mainz<\/p>\n\n\n\n<p class=\"has-normal-font-size\"><strong>2017-2021<\/strong><br\/>Junior professor for Sociology of Media, Johannes Gutenberg University Mainz<\/p>\n\n\n\n<p class=\"has-normal-font-size\"><strong>2019<\/strong><br\/>Visiting professor at the Institute for Science and Technology Studies, University of Vienna (winter semester)<\/p>\n\n\n\n<p class=\"has-normal-font-size\"><strong>2016-2017<\/strong><br\/>Academic staff member (substitute position), Institute of Philosophy, TU Darmstadt (winter semester)<\/p>\n\n\n\n<p class=\"has-normal-font-size\"><strong>2014-2017<\/strong><br\/>Academic staff member, TUM School of Governance \/ Munich Center for Technology in Society, TU Munich<\/p>\n\n\n\n<p class=\"has-normal-font-size\"><strong>2012-2014<\/strong><br\/>Academic staff member, Institute for Ecological Economy Research, Berlin<\/p>\n\n\n\n<p class=\"has-normal-font-size\"><strong>2005-2006<\/strong><br\/>Academic staff member, School of Sociology, teaching and research area Political Science, University of Bielefeld<\/p>\n\n\n\n<div style=\"height:25px\" aria-hidden=\"true\" class=\"wp-block-spacer\"><\/div>\n\n\n<jgu-base-heading react-props=\"{\n    &quot;tags&quot;: {\n        &quot;htmlTag&quot;: &quot;h2&quot;,\n        &quot;classTag&quot;: &quot;h3&quot;,\n        &quot;tag&quot;: &quot;h2.h3&quot;\n    },\n    &quot;heading&quot;: &quot;Fellowships \\\/ Scholarships&quot;,\n    &quot;textAlign&quot;: &quot;left&quot;,\n    &quot;anchor&quot;: &quot;&quot;,\n    &quot;index&quot;: &quot;&quot;,\n    &quot;color&quot;: &quot;red&quot;\n}\"><\/jgu-base-heading>\n\n\n\n<p class=\"has-normal-font-size\"><strong>since 2014<\/strong><br\/>Fellow, Institute for Ecological Economy Research, Berlin<\/p>\n\n\n\n<p class=\"has-normal-font-size\"><strong>2009-2012<\/strong><br\/>Post-doctoral scholarship student, Institute for Science and Technology Studies, University of Bielefeld<\/p>\n\n\n\n<p class=\"has-normal-font-size\"><strong>Summer semester 2011<\/strong><br\/>DAAD\/AICGS Research Fellow, Johns Hopkins University, Washington DC (summer semester)<\/p>\n\n\n\n<p class=\"has-normal-font-size\"><strong>2006-2009<\/strong><br\/>Doctoral scholarship holder, Evangelisches Studienwerk Villigst<\/p>\n\n\n\n<p class=\"has-normal-font-size\"><strong>2008<\/strong><br\/>Fellow, School of Social Science, Cardiff University (winter semester)<\/p>\n\n\n\n<div style=\"height:25px\" aria-hidden=\"true\" class=\"wp-block-spacer\"><\/div>\n\n\n<jgu-base-heading react-props=\"{\n    &quot;tags&quot;: {\n        &quot;htmlTag&quot;: &quot;h2&quot;,\n        &quot;classTag&quot;: &quot;h3&quot;,\n        &quot;tag&quot;: &quot;h2.h3&quot;\n    },\n    &quot;heading&quot;: &quot;Vocational Training&quot;,\n    &quot;textAlign&quot;: &quot;left&quot;,\n    &quot;anchor&quot;: &quot;&quot;,\n    &quot;index&quot;: &quot;&quot;,\n    &quot;color&quot;: &quot;red&quot;\n}\"><\/jgu-base-heading>\n\n\n\n<p class=\"has-normal-font-size\"><strong>2020<\/strong><br\/>Positive mid-tenure review of the junior professorship<\/p>\n\n\n\n<p class=\"has-normal-font-size\"><strong>2019<\/strong><br\/>Habilitation (venia legendi: Sociology), TU Munich<\/p>\n\n\n\n<p class=\"has-normal-font-size\"><strong>2010<\/strong><br\/>Dr. phil., Sociology, University of Bielefeld<\/p>\n\n\n\n<p class=\"has-normal-font-size\"><strong>2006-2010<\/strong><br\/>Doctoral candidate, Institute for Science and Technology Studies, University of Bielefeld<\/p>\n\n\n\n<p class=\"has-normal-font-size\"><strong>2005<\/strong><br\/>Magister Artium, Political Science, Sociology, Philosophy of Law<\/p>\n\n\n\n<p class=\"has-normal-font-size\"><strong>2001-2005<\/strong><br\/>Goethe University Frankfurt am Main (major: Political Science; minors: Sociology, Philosophy of Law)<\/p>\n\n\n\n<p class=\"has-normal-font-size\"><strong>2000-2001<\/strong><br\/>Philipps University of Marburg (Political Science, Sociology &amp; Media Studies)<\/p>\n\n\n\n<div style=\"height:25px\" aria-hidden=\"true\" class=\"wp-block-spacer\"><\/div>\n\n\n<jgu-base-heading react-props=\"{\n    &quot;tags&quot;: {\n        &quot;htmlTag&quot;: &quot;h2&quot;,\n        &quot;classTag&quot;: &quot;h3&quot;,\n        &quot;tag&quot;: &quot;h2.h3&quot;\n    },\n    &quot;heading&quot;: &quot;Prices&quot;,\n    &quot;textAlign&quot;: &quot;left&quot;,\n    &quot;anchor&quot;: &quot;&quot;,\n    &quot;index&quot;: &quot;&quot;,\n    &quot;color&quot;: &quot;red&quot;\n}\"><\/jgu-base-heading>\n\n\n\n<ul class=\"wp-block-list\">\n<li>Philosophy Book Prize 2014, Hanover Research Institute for Philosophy: \u201cEnhancement Utopias\u201d, laudatory speech by Prof. Dr. Armin Nassehi<\/li>\n\n\n\n<li>TTN Essay Prize 2013, Institute of Technics Department &#8211; Theology &#8211; Natural Sciences, LMU Munich: \u201cPlea for a Post-Romantic Ecology\u201d<\/li>\n\n\n\n<li>What if? visions of the information society, Science Year 2006, Telepolis magazine \/ Bayerischer Rundfunk: \u201cBionostalgia\u201d <\/li>\n\n\n\n<li>Under 28, Merkur 2005 \u201cThe spectre of globalization\u201d<\/li>\n<\/ul>\n\n\n\n<div style=\"height:51px\" aria-hidden=\"true\" class=\"wp-block-spacer\"><\/div>\n\n\n<jgu-base-heading react-props=\"{\n    &quot;tags&quot;: {\n        &quot;htmlTag&quot;: &quot;h2&quot;,\n        &quot;classTag&quot;: &quot;h3&quot;,\n        &quot;tag&quot;: &quot;h2.h3&quot;\n    },\n    &quot;heading&quot;: &quot;Selection of lead projects acquired&quot;,\n    &quot;textAlign&quot;: &quot;left&quot;,\n    &quot;anchor&quot;: &quot;&quot;,\n    &quot;index&quot;: &quot;&quot;,\n    &quot;color&quot;: &quot;red&quot;\n}\"><\/jgu-base-heading>\n\n\n\n<p class=\"has-normal-font-size\"><strong>2022-2024<\/strong><br\/>Project manager, BMBF network<br\/>Development of a platform for the intelligent provision of knowledge for SMEs, neogramm GmbH &amp; Co, JGU Mainz, KG, CaderaDesign GmbH, HPM Technologie GmbH, KRESS Fahrzeugbau GmbH<br\/>&#8211; Own sub-project: \u201cApplication-oriented social science-media-reflective integrated research and technology assessment\u201d<\/p>\n\n\n\n<p class=\"has-normal-font-size\"><strong>2021-2025<\/strong><br\/>Head of two subprojects, Collaborative Research Center CRC) funded by the German Research Foundation<br\/>&#8211; Own subproject C06: Posthuman de-differentiation. The technological optimization of human bodies<br\/>&#8211; Own subproject \u00d6 (with T. Boll &amp; B. Wihstutz): Responsive (cultural) science communication: mediation, dialog and resonance observation <\/p>\n\n\n\n<p class=\"has-normal-font-size\"><strong>2020-2023<\/strong><br\/>The Evidence Culture of Citizen Science, sub-project DFG research unit Practicing Evidence &#8211; Evidencing Practice, Phase 2<\/p>\n\n\n\n<p class=\"has-normal-font-size\"><strong>2018-2021<\/strong><br\/>Network leader, BMBF network<br\/>Designing the future materially. Prototypes as communication media of the new JGU Mainz with TUM, Deutsches Museum, FH Potsdam <\/p>\n\n\n\n<p class=\"has-normal-font-size\"><strong>2017-2019<\/strong><br\/>Evidence in Citizen Science, sub-project DFG research unit Practicing Evidence &#8211; Evidencing Practice (with S. Maasen), TU Munich, Phase 1<\/p>\n\n\n\n<p class=\"has-normal-font-size\"><strong>2017-2018<\/strong><br\/>Demonstrated suspicion of originality. A Brief Sociology of the Prototype in the Age of its Socialization, Volkswagen Foundation <\/p>\n\n\n\n<p class=\"has-normal-font-size\"><strong>2015-2017<\/strong><br\/>TechnoCitizenScience. Citizen innovations in science and Technics Department, BMBF joint project TU Munich and KIT ITAS <\/p>\n\n\n\n<p class=\"has-normal-font-size\"><strong>2012<\/strong><br\/>Zukunftsexpertise. On the generation, legitimization, use and recognition of future knowledge, working group at the Center for Interdisciplinary Research (ZiF), University of Bielefeld <\/p>\n<\/div><\/div>\n<\/jgu-base-section><jgu-base-section react-props=\"{&quot;color&quot;:&quot;light&quot;,&quot;align&quot;:&quot;wide&quot;,&quot;padding&quot;:&quot;medium&quot;}\">\n<div class=\"jgu-bgsection bg bg-light\"><div class=\"content padding-medium\"><div\n\tclass=\"jgu-anchorpoint\"\n\tid=\"publications\"\n\tdata-label=\"Publications\"\n\tdata-hide-in-nav=\"false\"\n\ttabindex=\"0\"\n\tdata-initial-scroll=\"true\"\n><\/div>\n\n\n<jgu-base-heading react-props=\"{\n    &quot;tags&quot;: {\n        &quot;htmlTag&quot;: &quot;h2&quot;,\n        &quot;classTag&quot;: &quot;h3&quot;,\n        &quot;tag&quot;: &quot;h2.h3&quot;\n    },\n    &quot;heading&quot;: &quot;Books&quot;,\n    &quot;textAlign&quot;: &quot;left&quot;,\n    &quot;anchor&quot;: &quot;&quot;,\n    &quot;index&quot;: &quot;&quot;,\n    &quot;color&quot;: &quot;red&quot;\n}\"><\/jgu-base-heading>\n\n\n\n<ul class=\"wp-block-list\">\n<li>SONA \u2013 Netzwerk Soziologie der Nachhaltigkeit (Hg.) (2021): Soziologie der Nachhaltigkeit. Bielefeld: transcript <a href=\"https:\/\/www.transcript-verlag.de\/author\/sona-netzwerk-soziologie-der-nachhaltigkeit-320024893\/\">kostenlos downloaden<\/a>  <\/li>\n\n\n\n<li>Maasen, Sabine; Dickel, Sascha; Christoph Schneider (eds.) (2020): TechnoScienceSociety. Technological Reconfigurations of Science and Society (Sociology of the Sciences Year-book 30), Cham: Springer <\/li>\n\n\n\n<li>Heyen, Nils; Dickel, Sascha; Br\u00fcninghaus, Anne (Hg.) (2019): Personal Health Science. Pers\u00f6nliches Gesundheitswissen zwischen Selbstsorge und B\u00fcrgerforschung, Wiesbaden: Springer <\/li>\n\n\n\n<li>Dickel, Sascha (2019): Prototyping Society. Zur vorauseilenden Technologisierung gesellschaftlicher Zukunft. Bielefeld: transcript <a href=\"https:\/\/www.transcript-verlag.de\/978-3-8376-4736-5\/prototyping-society-zur-vorauseilenden-technologisierung-der-zukunft\/\">kostenlos downloaden<\/a>  <\/li>\n\n\n\n<li>Petschow, Ulrich; Ferdinand, Jan-Peter; Dickel, Sascha (eds.) (2016): The Decentralized and Networked Future of Value Creation. 3D Printing and its Implications for Society, Industry, and Sustainable Development, Dordrecht: Springer <\/li>\n\n\n\n<li>Dickel, Sascha; Franzen, Martina; Kehl, Christoph (Hg.) (2011): Herausforderung Biomedizin \u2013 Gesellschaftliche Deutung und soziale Praxis, Bielefeld: transcript<\/li>\n\n\n\n<li>Dickel, Sascha (2011): Enhancement-Utopien. Soziologische Analysen zur Konstruktion des Neuen Menschen, Baden-Baden: Nomos <\/li>\n\n\n\n<li>Steltemeier, Rolf; Dickel, Sascha; Gaycken, Sandro; Knobloch, Tobias (Hg.) (2009): Neue Utopien. Zum Wandel eines Genres, Heidelberg: Manutius <\/li>\n<\/ul>\n\n\n\n<div style=\"height:25px\" aria-hidden=\"true\" class=\"wp-block-spacer\"><\/div>\n\n\n<jgu-base-heading react-props=\"{\n    &quot;tags&quot;: {\n        &quot;htmlTag&quot;: &quot;h2&quot;,\n        &quot;classTag&quot;: &quot;h3&quot;,\n        &quot;tag&quot;: &quot;h2.h3&quot;\n    },\n    &quot;heading&quot;: &quot;Journal articles&quot;,\n    &quot;textAlign&quot;: &quot;left&quot;,\n    &quot;anchor&quot;: &quot;&quot;,\n    &quot;index&quot;: &quot;&quot;,\n    &quot;color&quot;: &quot;red&quot;\n}\"><\/jgu-base-heading>\n\n\n\n<p class=\"has-normal-font-size\">*= with peer review<\/p>\n\n\n\n<ul class=\"wp-block-list\">\n<li>Lind, Miriam; Dickel, Sascha (2024): Speaking, but having no voice. Negotiating agency in advertisements for intelligent personal assistants. In: Convergence 30 (3), article 13548565231192100, pp. 1008-1024. <a href=\"https:\/\/doi.org\/10.1177\/13548565231192100\">DOI: 10.1177\/13548565231192100.<\/a>  <\/li>\n\n\n\n<li>Dickel, Sascha (2023): Der kybernetische Blick und seine Grenzen. Zur systemtheoretischen Selbstbeschreibung der digitalen Gesellschaft. In: Berl. J. Soziol. 33 (3), S. 197\u2013226. DOI: 10.1007\/s11609-022-00475-9.     <\/li>\n\n\n\n<li>Lipp, Benjamin; Dickel, Sascha (2023): Interfacing the human\/machine. In: Distinktion: Journal of Social Theory 24 (3), S. 425\u2013443. DOI: 10.1080\/1600910X.2021.2012709.  <\/li>\n\n\n\n<li>Dickel, Sascha (2022): Die Imagination der Kommunikation, Zeitschrift f\u00fcr Kulturwissenschaften 16 (2), 143\u2013160<\/li>\n\n\n\n<li>Lind, Miriam; Dickel, Sascha (2022): Speaking, but having no voice. Negotiating agency in advertisements for intelligent personal assistants, Convergence, article 13548565231192100, pp. 1-17. DOI: 10.1177\/13548565231192100 (Online first)*.  <\/li>\n\n\n\n<li>Dickel, Sascha; Kornehl, Karolin (2022): #selberdenken. Die Artikulation von Systemmisstrauen und die Beanspruchung epistemischer Autonomie in der Corona-Krise, kommges 23 (1), 1-28* <\/li>\n\n\n\n<li>Dogruel, Leyla., Dickel, Sascha (2022): Die Kommunikativierung der Maschinen. Publizistik 67 (4), 475\u2013486*<\/li>\n\n\n\n<li>Dickel, Sascha (2022): Der kybernetische Blick und seine Grenzen. Zur systemtheoretischen Selbstbeschreibung der digitalen Gesellschaft, Berl. J. Soziol, 1-30. DOI: 10.1007\/s11609-022-00475-8 (Online first)*  <\/li>\n\n\n\n<li>Dickel, Sascha; Lipp, Benjamin (2022): Interfacing the human\/machine, Distinction 23 (1), DOI: 10.1080\/1600910X.2021.2012709<\/li>\n\n\n\n<li>Dickel, Sascha; Neumann, Martin (2021): Hermeneutik sozialer Simulationen. Zur Interpretation digital erzeugter Narrative, Sozialer Sinn 22 (2), 353-387 <\/li>\n\n\n\n<li>Dickel, Sascha (2021): Wenn die Technik sprechen lernt. K\u00fcnstliche Kommunikation als kulturelle Herausforderung mediatisierter Gesellschaften, TATuP 30 (3), 23-29 <\/li>\n\n\n\n<li>Henkel, Anna; Barth, Thomas; K\u00f6hrsen, Jens; Wendt, Bj\u00f6rn; Besio, Cristina; Block, Katharina; B\u00f6schen, Stefan; Dickel, Sascha; G\u00f6rgen, Benjamin; Gro\u00df, Matthias; R\u00f6dder, Simone; Pfister, Thomas (2021): Intransparente Beliebigkeit oder produktive Vielfalt? Konturen einer Soziologie der Nachhaltigkeit. Kommentar zum Aufsatz von Karl-Werner Brand. In: Leviathan 49 (2), 224-230   <\/li>\n\n\n\n<li>Mahr, Dana; Dickel, Sascha (2020): Rethinking intellectual property rights and commons based peer production in times of crisis. The case of COVID19 and 3D printed medical devices, Journal of Intellectual Property Law and Practice (Online First: https:\/\/doi.org\/10.1093\/jiplp\/jpaa124) <\/li>\n\n\n\n<li>Block, Katharina; Dickel, Sascha (2020): Jenseits der Autonomie. Die De\/Problematisierung des Subjekts in Zeiten der Digitalisierung, Behemoth, 13 (1), 109-131* <\/li>\n\n\n\n<li>Dickel, Sascha (2020): Postsoziale Gesellschaft. Zur Aktualit\u00e4t der Systemtheorie in Zeiten digitaler Kommunikation, Soziale Welt (Sonderheft Digitale Soziologie \u2013 Soziologie des Digitalen), 46-59* <\/li>\n\n\n\n<li>Dickel, Sascha (2020); Maasen, Sabine; Wenninger, Andreas: Nachhaltige Transformation der Wissenschaft? Soziologie und Nachhaltigkeit 6 (1), 1-20* <\/li>\n\n\n\n<li>K\u00f6hrsen, Jens; B\u00f6schen, Stefan; Dickel, Sascha; Pfister, Thomas; R\u00f6dder, Simone; B\u00f6schen, Stefan; Wendt, Bj\u00f6rn; Block, Katharina; Henkel, Anna (2019): Still Silent or an Emerging Field? Climate Change in Sociology, Current Sociology 68 (6), 738-760* <\/li>\n\n\n\n<li>Mahr, Dana; Dickel, Sascha (2019): Citizen science beyond invited participation. 19th century amateur naturalists, epistemic autonomy, and big data approaches avant la lettre, History and Philosophy of the Life Sciences (2019) 41: 41. DOI: 10.1007\/s40656-019-0280-z* <\/li>\n\n\n\n<li>Dickel, Sascha; Schneider, Christoph; Thiem, Carolin; Wenten, Klara-Aylin (2019): Engineering Publics. The Different Modes of Civic Technoscience, Science &amp; Technology Studies 32 (2), 8-23* <\/li>\n\n\n\n<li>Wenninger, Andreas; Dickel, Sascha (2019): Paradoxien digital-partizipativer Wissenschaft. Zur sozio-epistemischen Grenzarbeit in Citizen Science und Wissenschaftsblogs, \u00d6sterreichische Zeitschrift f\u00fcr Soziologie 44 (Suppl 1), 257-286* <\/li>\n\n\n\n<li>Katharina Block, Karl-Werner Brand, Anna Henkel, Thomas Barth, Stefan B\u00f6schen, Sascha Dickel, Benjamin G\u00f6rgen, Jens K\u00f6hrsen, Thomas Pfister, Bj\u00f6rn Wendt (2019): Soziologie der Nachhaltigkeit. Zwischen Transformation und Reflexion, Soziologie und Nachhaltigkeit <\/li>\n\n\n\n<li>Wendt, Bj\u00f6rn; B\u00f6schen, Stefan; Barth, Thomas; Henkel, Anna; Block, Katharina; Dickel, Sascha; G\u00f6rgen, Benjamin; K\u00f6hrsen, Jens; Pfister, Thomas; R\u00f6dder, Simone; Schlo\u00dfberger, Matthias (2018): \u201eZweite Welle\u201d? Soziologie der Nachhaltigkeit \u2013 von der Aufbruchsstimmung zur Krisenreflexion, Soziologie und Nachhaltigkeit, Sonderausgabe III, 1-23. <\/li>\n\n\n\n<li>Dickel, Sascha (2017): Posthuman werden. Zur Entgrenzung von Mensch und Maschine, in: Widerspruch. M\u00fcnchner Zeitschrift f\u00fcr Philosophie, 66, 21-32  <\/li>\n\n\n\n<li>Dickel, Sascha (2017): \u00d6ffnung f\u00fcr alle \u2013 Einl\u00f6sung oder Erosion des Projekts moderner Wissenschaft? TATuP \u2013 Zeitschrift f\u00fcr Technikfolgenabsch\u00e4tzung in Theorie und Praxis 26 (1-2), 55-59* <\/li>\n\n\n\n<li>Dickel, Sascha (2017): Irritierende Objekte. Wie Zukunft prototypisch erschlossen wird, Behemoth 10 (3), 171-190* <\/li>\n\n\n\n<li>Dickel, Sascha; Schrape, Jan-Felix (2017): The Renaissance of Techno-Utopianism as a Challenge for Responsible Innovation, in: Journal of Responsible Innovation 19 (2), 1-6*<\/li>\n\n\n\n<li>Dickel, Sascha (2017): Schrape, Jan-Felix: The Logic of Digital Utopianism, NanoEthics, Special Issue Visioneering, 11 (1), 47-58*<\/li>\n\n\n\n<li>Dickel, Sascha (2016): Trust in Technologies? Science after De-Professionalization, invited comment on Weingart, Peter; Guenther, Lars: Science Communication and the Issue of Trust, Journal of Science Communication, 15 (5), 1-7 <\/li>\n\n\n\n<li>Dickel, Sascha (2016): Post-Technokratie. Prek\u00e4re Verantwortung in digitalen Kontexten, Soziale Systeme 19 (2), 282-303* <\/li>\n\n\n\n<li>Dickel, Sascha; Franzen, Martina (2016): The Problem of Extension revisited. New Modes of Digital Participation in Science, Journal of Science Communication 15 (1), 1-17* <\/li>\n\n\n\n<li>Dickel, Sascha (2016): Der Neue Mensch \u2013 Ein (technik)utopisches Upgrade. Der transhumane Traum vom Human Enhancement, Aus Politik und Zeitgeschichte, 16-21 <\/li>\n\n\n\n<li>Dickel, Sascha (2016): Zwischen Selbstverwirklichung und Selbstvermarktung. Zur Sozialfigur des Makers in der Informations\u00f6konomie, in: \u00d6kologisches Wirtschaften (3\/2016), 19-20 <\/li>\n\n\n\n<li>Dickel, Sascha; Franzen, Martina (2015): Digitale Inklusion: Zur sozialen \u00d6ffnung des Wissenschaftssystems, Zeitschrift f\u00fcr Soziologie 44 (5), 330\u2013347*<\/li>\n\n\n\n<li>Dickel, Sascha (2015): Technikutopische Zuk\u00fcnfte in einer technisierten Gesellschaft, in: FIPH-Journal (25), 1-4<\/li>\n\n\n\n<li>Dickel, Sascha; Schrape, Jan-Felix (2015): Dezentralisierung, Demokratisierung, Emanzipation. Zur Architektur des digitalen Technikutopismus, Leviathan 43 (3), 442-463* <\/li>\n\n\n\n<li>Dickel, Sascha; Ferdinand, Jan-Peter; Petschow, Ulrich (2014): Shared Machine Shops as Real-life Laboratories, Journal of Peer Production, (5), 1-20*<\/li>\n\n\n\n<li>Dickel, Sascha (2014): Paradoxe Natur. Pl\u00e4doyer f\u00fcr eine postromantische \u00d6kologie, in: TTN edition 1\/2014, 4-10* <\/li>\n\n\n\n<li>Dickel, Sascha (2013): Von der Dynamik des Selbermachens. Nutzergetriebene Innovationen f\u00fcr die Green Economy, in: \u00d6kologisches Wirtschaften, (3\/2013), 25-27 <\/li>\n\n\n\n<li>Dickel, Sascha (2011): Transformationsforschung jenseits des Elfenbeinturms, in: \u00d6kologisches Wirtschaften, (2\/2013), 17-18<\/li>\n\n\n\n<li>Dickel, Sascha (2011): Jenseits der Gemeinschaft, diesseits der Gesellschaft, Wie der Kulturpessimismus die Wirklichkeit sozialer Medien verfehlt, in: Medienobservationen. http:\/\/www.medienobservationen.lmu.de\/artikel\/gesellschaft\/gesellschaft_pdf\/dickel_medien.pdf<\/li>\n\n\n\n<li>Dickel, Sascha (2011): \u201cEs kommt also alles auf die Erhaltung und Verbesserung der Anlagen an\u201d. Zur Semantik eugenischer Enhancement-Utopien, Sozialer Sinn, 11 (2), S. 29-53* <\/li>\n\n\n\n<li>Dickel, Sascha (2009): Aufstand gegen den Tod, in: Genethischer Informationsdienst (193), 21-23<\/li>\n\n\n\n<li>Albert, Mathias; Dickel, Sascha (2006): Educating Globality. Zum Lernfeld Internationale Beziehungen\/Globalisierung an Gymnasien, Zeitschrift f\u00fcr Internationale Beziehungen, 13 (2), 261-274* <\/li>\n\n\n\n<li>Dickel, Sascha (2005): Das Gespenst der Globalisierung, in: Merkur, 59 (670), 173-175<\/li>\n<\/ul>\n\n\n\n<div style=\"height:23px\" aria-hidden=\"true\" class=\"wp-block-spacer\"><\/div>\n\n\n<jgu-base-heading react-props=\"{\n    &quot;tags&quot;: {\n        &quot;htmlTag&quot;: &quot;h2&quot;,\n        &quot;classTag&quot;: &quot;h3&quot;,\n        &quot;tag&quot;: &quot;h2.h3&quot;\n    },\n    &quot;heading&quot;: &quot;Contributions to anthologies&lt;br&gt;&quot;,\n    &quot;textAlign&quot;: &quot;left&quot;,\n    &quot;anchor&quot;: &quot;&quot;,\n    &quot;index&quot;: &quot;&quot;,\n    &quot;color&quot;: &quot;red&quot;\n}\"><\/jgu-base-heading>\n\n\n\n<p>*= with peer review<\/p>\n\n\n\n<ul class=\"wp-block-list\">\n<li>Dickel, Sascha (2024): Enhancement. In: Markus Dederich und J\u00f6rg Zirfas (Hg.): Optimierung. Ein interdisziplin\u00e4res Handbuch. Berlin, Heidelberg: J.B. Metzler, S. 351\u2013356.   <\/li>\n\n\n\n<li>Dickel, Sascha; Neumann, Martin (2024): Hermeneutics of social simulations. On the interpretation of digitally generated narratives. In: Martin Neumann (ed.): An interpretive account to agent-based social simulation. Using criminology to explore cultural possibilities. Abingdon, Oxon, New York, NY: Routledge, pp. 130-152.    <\/li>\n\n\n\n<li>Neumann, Martin; Dirksen, Vanessa; Dickel, Sascha (2024): On the construction of plausible futures in interpretive agent-based modeling. In: Martin Neumann (ed.): An interpretive account to agent-based social simulation. Using criminology to explore cultural possibilities. Abingdon, Oxon, New York, NY: Routledge, pp. 170-188.   <\/li>\n\n\n\n<li>Dickel, Sascha (2023): Prototyping Futures &#8211; Towards a Hermeneutics of Artefacts and Technologies. In: Armin Grunwald, Alfred <\/li>\n\n\n\n<li>Borrmann, Vera; Coenen, Christopher; Nordmann, Alfred; Cantoni, Roberto; Dickel, Sascha; Groves, Christopher et al. (2023): Future Conversations &#8211; A Topical Exchange. In: Armin Grunwald, Alfred Nordmann and Martin Sand (eds.): Hermeneutics, History, and Technology. London: Routledge, pp. 42-72.   <\/li>\n\n\n\n<li>Dickel, Sascha (2023): Prototyping Futures &#8211; Towards a Hermeneutics of Artefacts and Technologies. In: Armin Grunwald, Alfred Nordmann and Martin Sand (eds.): Hermeneutics, History, and Technology. London: Routledge, pp. 157-171.  <\/li>\n\n\n\n<li>Fuller, Steve; Nordmann, Alfred; Coenen, Christopher; Dickel, Sascha; Sand, Martin; Schomberg, Ren\u00e9 von (2023): Proactionary or Precautionary &#8211; A Debate. In: Armin Grunwald, Alfred Nordmann and Martin Sand (eds.): Hermeneutics, History, and Technology. London: Routledge, pp. 131-153.    <\/li>\n\n\n\n<li>Dickel, Sascha (2021): Die Traumfabrik. Die Inszenierung des 3D-Drucks als revolution\u00e4rer Technologie (post-) industrieller Wissensarbeit, in: Maasen, Sabine; Atwood, David (Hg.): Immanente Religion, Transzendente Technik. Leverkusen: Barbara Budrich, 225-245  <\/li>\n\n\n\n<li>Dickel, Sascha (2021): User Labs, in: Birgit Bl\u00e4ttel-Mink, Alexander Ebner, Info Schulz-Schaeffer, Arnold Windeler (Hg.): Handbuch der Innovationsforschung. Sozialwissenschaftliche Perspektiven. Wiesbaden: Springer VS, 1029-1043  <\/li>\n\n\n\n<li>Hillerbrand, Rafaella; Dickel, Sascha (2021): Additive Verfahren (3D-Druck), in: Grunwald, Armin; Hillerbrand, Rafaella (Hg.): Handbuch Technikethik, 2. Aufl., 300-304<\/li>\n\n\n\n<li>Dickel, Sascha (2021): Der \u203aTechnological Fix\u2039. Zur Kritik einer kritischen Semantik. In: SONA \u2013 Netzwerk Soziologie der Nachhaltigkeit (Hg.): Soziologie der Nachhaltigkeit. Bielefeld: transcript, S. 271-284*   <\/li>\n\n\n\n<li>Dickel, Sascha; Schmidt-J\u00fcngst, Miriam (2021): Gleiche Menschen, ungleiche Maschinen.<br\/>Die Humandifferenzierung digitaler Assistenzsysteme und ihrer Nutzer:innen in der Werbung In: Dizdar, Hirschauer, Paulmann, Schabacher: Humandifferenzierung. Disziplin\u00e4re Perspektiven und empirische Sondierungen. Velbr\u00fcck Wissenschaft, 342-367 *  <\/li>\n\n\n\n<li>Dickel, Sascha (2020): Gesellschaft funktioniert auch ohne anwesende K\u00f6rper. Die Krise der Interaktion und die Routinen mediatisierter Sozialit\u00e4t, in: Keitel, Christian; Volker, Mi-chael; Werner, Karin: Die Corona-Gesellschaft. Analysen zur Lage und Perspektiven f\u00fcr die Zukunft. Bielefeld: transcript (Kurzform online: https:\/\/blog.transcript-verlag.de\/gesellschaft-funktioniert-auch-ohne-anwesende-koerper\/), 79-86   <\/li>\n\n\n\n<li>Dickel, Sascha (2020): Technoscientific Citizenship in Citizen Science. Assembling crowds for biomedical research, in: Sabine Maasen, Sascha Dickel, Christoph Schneider (eds.): TechnoScienceSociety. Technological Reconfigurations of Science and Society (Sociology of the Sciences Yearbook 30). Cham: Springer, 251-265*   <\/li>\n\n\n\n<li>Maasen, Sabine; Dickel, Sascha; Schneider, Christoph (2020): TechnoScienceSociety. Technological Reconfigurations of Science and Society &#8211; An Introduction, in: Sabine Maasen, Sascha Dickel, Christoph Schneider (eds.): TechnoScienceSociety. Technological Reconfigurations of Science and Society (Sociology of the Sciences Yearbook 30). Cham: Springer, 1-18   <\/li>\n\n\n\n<li>Dickel, Sascha (2020): Digitale Demokratisierung? Zum neuen Strukturwandel der \u00d6ffentlich-keit, in: Center for Applied European Studies (Hg.): Was bedeutet Demokratie in der EU im 21. Jahrhundert? Schriftenreihe CAES, Band 3. Frankfurt am Main, 46-59 https:\/\/fhffm.bsz-bw.de\/frontdoor\/deliver\/index\/docId\/6178\/file\/Schriftenreihe_CAES_Band_3_Demokratie_WIPS.pdf  <\/li>\n\n\n\n<li>Dickel, Sascha (2020): Digitale Demokratisierung? Zum neuen Strukturwandel der \u00d6ffentlich-keit, in: Center for Applied European Studies (Hg.): Was bedeutet Demokratie in der EU im 21. Jahrhundert? Schriftenreihe CAES, Band 3. Frankfurt am Main, 46-59 https:\/\/fhffm.bsz-bw.de\/frontdoor\/deliver\/index\/docId\/6178\/file\/Schriftenreihe_CAES_Band_3_Demokratie_WIPS.pdf  <\/li>\n\n\n\n<li>Dickel, Sascha (2020): Enhancement, in: He\u00dfler, Martina; Liggieri, Kevin (Hg.): Handbuch Technikanthropologie. Baden-Baden: Nomos, 403-410 <\/li>\n\n\n\n<li>Dickel, Sascha (2020): Soziologische Systemtheorie. Nachhaltigkeit als Bewahrung einer offenen Zukunft, in: Henkel, Anna; Barth, Thomas (Hg.): 10 Minuten Nachhaltigkeit. Bielefeld: transcript, 33-46  <\/li>\n\n\n\n<li>Wenninger, Andreas; Will, Fabienne; Dickel, Sascha; Maasen, Sabine; Trischler, Helmuth (2019): Einschlie\u00dfen und Ausschlie\u00dfen. Evidenzpraktiken in der Anthropoz\u00e4ndebatte und der Citizen Science, in: Zachmann, Karin; Ehlers, Sarah: Wissen und Begr\u00fcnden. Evidenz als umk\u00e4mpfte Ressource in der Wissensgesellschaft. Baden-Baden: Nomos, 31-58   <\/li>\n\n\n\n<li>L\u00f6sch, Andreas; B\u00f6hle, Knud; Coenen, Christopher; Dobroc, Paulina; Ferrari, Arianna; Heil, Reinhard; Hommerich, Dirk; Sand, Martin; Schneider, Christoph; Aykut, Stefan; Fuchs, Daniela; Dickel, Sascha; Gransche, Bruno; Grunwald, Armin; Hausstein, Alexandra; Kastenhofer, Karen; Konrad, Kornelia; Nordmann, Alfred; Schaper-Rinkel, Petra; Scheer, Dirk; Schulz-Schaeffer, Ingo; Torgersen, Helge; Wentland, Alexander: Technology Assessment of Socio-Technical Futures &#8211; A Discussion Paper, in: L\u00f6sch, Andreas; Grunwald, Armin; Meister, Martin; Schulz-Schaeffer, Ingo (2019): Socio-Technical Futures Shaping the Present. Empirical Examples and Analytical Challenges. Wiesbaden: Springer VS, 285-308  <\/li>\n\n\n\n<li>Katharina Block, Karl-Werner Brand, Anna Henkel, Thomas Barth, Stefan B\u00f6schen, Sascha Dickel, Benjamin G\u00f6rgen, Jens K\u00f6hrsen, Thomas Pfister, Bj\u00f6rn Wendt: Soziologie der Nachhaltigkeit. Zwischen Transformation und Reflexion, in: Nicole Burzan (Hg.) (2019): Komplexe Dynamiken globaler und lokaler Entwicklungen. Verhandlungen des 39. Kongresses der Deutschen Gesellschaft f\u00fcr Soziologie in G\u00f6ttingen 2018, 1-14  <\/li>\n\n\n\n<li>Maasen, Sabine; Dickel, Sascha: Normative answers \u2013 epistemic questions. Updating the science-society contract, in: Canzler, Weert; Kuhlmann, Stefan; Simon, Dagmar (Hg.)(2019): Handbook of Science and Public Policy, Cheltenham: Edward Elgar, 49-66* <\/li>\n\n\n\n<li>Dickel, Sascha (2019): \u00bbDas verkn\u00f6cherte humanistische Skelett\u2026\u00ab verbessern, erweitern, zerbrechen, ersetzen. Eine Einf\u00fchrung in die Ismen der Selbst\u00fcberwindung des Menschen. Rezension zu: Janina Loh: Trans- und Posthumanismus. Eine Einf\u00fchrung, Hamburg 2018, 224 S., in: Alexander Friedrich, Petra Gehring, Christoph Hubig, Andreas Kaminski, Alfred Nordmann (Hrsg.), Baden-Baden: Nomos, 217-222   <\/li>\n\n\n\n<li>Dickel, Sascha (2019): User Labs, in: Birgit Bl\u00e4ttel-Mink, Alexander Ebner, Info Schulz-Schaeffer, Arnold Windeler (Hg.): Handbuch der Innovationsforschung. Sozialwissenschaftliche Perspektiven. Wiesbaden: Springer VS, 1-15*  <\/li>\n\n\n\n<li>Dickel, Sascha (2019): Infrastruktur, Interface, Intelligenz. Zur medientechnologischen Bedingung digitaler Vergesellschaftung, in: Nils Heyen, Sascha Dickel, Anne Br\u00fcninghaus (Hg.): Personal Health Science. Pers\u00f6nliches Gesundheitswissen zwischen Selbstsorge und B\u00fcrgerforschung, Wiesbaden: Springer, 219-239  <\/li>\n\n\n\n<li>Heyen, Nils; Dickel, Sascha (2019): Was ist Personal Health Science? in: Nils Heyen, Sascha Dickel, Anne Br\u00fcninghaus (Hg.): Personal Health Science. Pers\u00f6nliches Gesundheitswissen zwischen Selbstsorge und B\u00fcrgerforschung, Wiesbaden: Springer, 1-19  <\/li>\n\n\n\n<li>Dickel, Sascha (2018): Der Neue Mensch \u2013 Ein (technik)utopisches Upgrade. Der transhumane Traum vom Human Enhancement, in: APuZ-Redaktion (Ed): Der Neue Mensch. Bonn: Bundeszentrale f\u00fcr politische Bildung, 85-95  <\/li>\n\n\n\n<li>Dickel, Sascha; Thiem, Carolin (2017): Zur Organisation von Arbeit 4.0: Crowdsourcing als Sozialtechnologie? in: Jens Wulfsberg, Tobias Redlich, Manuel Moritz (Hg.): Vernetzt \u2013 Dezentral \u2013 Kollaborativ. Interdisziplin\u00e4re Perspektiven zur Zukunft der Wertsch\u00f6pfung. Wiesbaden: Springer Gabler, 247-254*   <\/li>\n\n\n\n<li>Dickel, Sascha; Thiem, Carolin (2017): Bestellte Massen. Auf dem Weg zu einer Theorie des Crowdsourcing, in: Stephan Lessenich (Hg.) 2017: Geschlossene Gesellschaften. Verhandlungen des 38. Kongresses der Deutschen Gesellschaft f\u00fcr Soziologie in Bamberg 2016  <\/li>\n\n\n\n<li>Dickel, Sascha; Lipp, Benjamin (2016): Systemtheorie und Technikkritik, in: Kolja M\u00f6ller, Jasmin Siri (Hg.): Systemtheorie und Gesellschaftskritik. Perspektiven der Kritischen Systemtheorie, Bielefeld: transcript, 151-167* <\/li>\n\n\n\n<li>Dickel, Sascha; Ferdinand, Jan-Peter; Petschow, Ulrich (2016): The Multiple Applications of 3D Printing: Between Maker Movements and the Future of Manufacturing, in: Jan-Peter Ferdinand, Ulrich Petschow, Sascha Dickel (eds.): The Decentralized and Networked Future of Value Creation. 3D Printing and its Implications for Society, Industry, and Sustainable Development, Dordrecht: Springer <\/li>\n\n\n\n<li>Dickel Sascha (2016): Utopische Technologien in technologisierten Gesellschaften, in: Konrad Paul Liessmann (Hg.): Neue Menschen! Bilden, optimieren, perfektionieren, M\u00fcnchen: Zsolnay\u2009\/\u2009Deuticke, 101-115 <\/li>\n\n\n\n<li>Maasen, Sabine; Dickel, Sascha: Partizipation, Responsivit\u00e4t, Verantwortung (2016). Zur Realfiktion eines neuen Gesellschaftsvertrags, in: Dagmar Simon, Andreas Knie, Stefan Hornbostel (eds.): Handbuch Wissenschaftspolitik, Wiesbaden: VS, 225-242* <\/li>\n\n\n\n<li>Dickel, Sascha: Natur in der Krise. Die Technisierung der Lebenswelt und die Antiquiertheit biokonservativer Technikkritik, in: Diego Compagna (Hg.) (2015): Leben zwischen Natur und Kultur. Zur Neuaushandlung von Natur und Kultur in den Technik- und Lebenswissenschaften, Bielefeld: transcript, 45-71*  <\/li>\n\n\n\n<li>Dickel, Sascha; Frewer, Andreas (2014): Life Extension. Eternal Debates on Immortality, in: Robert Ranisch, Stefan Lorenz Sorgner (eds.): Post- and Transhumanism. An Introduction, Frankfurt am Main: Peter Lang, 119-131*  <\/li>\n\n\n\n<li>Dickel, Sascha (2014): Be Afraid of the Unmodified Body! The Social Construction of Risk in Enhancement Utopianism, in: Miriam Eilers, Katrin Gr\u00fcber, Christoph Rehmann-Sutter (eds.): The Human Enhancement Debate and Disability. New Bodies for a Better Life? Houndmills: Palgrave Macmillan, 227-244*   <\/li>\n\n\n\n<li>Dickel, Sascha (2014): Die Regulierung der Zukunft. \u201cEmerging Technologies\u201d und das Problem der Exklusion des Spekulativen, in: Alfons Bora, Anna Henkel, Carsten Reinhardt (Hg.): Wissensregulierung und Regulierungswissen, Weilerswist: Velbr\u00fcck, 201-218* <\/li>\n\n\n\n<li>Dickel, Sascha (2013): Beyond Cynicism? Climate Engineering Technologies and Vegan Diets as Alternative Solutions for Climate Change, in: Achim Maas, Bodo Balazs, Roger Roffey, Irina Comardicea and Clementine Burnley (eds.): Global Environmental Change: New Drivers for Resistance, Crime and Terrorism? Baden-Baden: Nomos, 243-259*  <\/li>\n\n\n\n<li>Dickel, Sascha (2012): Im Netz der Selbstreferenz. Facebook-Kommunikation als Antwort auf die \u201cKatastrophe\u201d des Internet, in: Ulrich Dolata, Jan-Felix Schrape (Hg.): Internet, Mobile Devices und die Transformation der Medien. Radikaler Wandel als schrittweise Rekonfiguration, Berlin: edition sigma, 331-356*  <\/li>\n\n\n\n<li>Dickel, Sascha (2012): The obsolete Body? Technik als Gegenwart der menschlichen Natur, in: Armin Grunwald, Justus von Hartlieb (Hg.): Ist Technik die Zukunft der menschlichen Natur? Hannover: Wehrhahn, 94-103  <\/li>\n\n\n\n<li>Dickel, Sascha (2012): Utopische Kritik. Zur Krise einer Semantik, in: Hans-Georg Soeffner (Hg.): Transnationale Vergesellschaftungen: Verhandlungen des 35. Kongresses der Deutschen Gesellschaft f\u00fcr Soziologie in Frankfurt am Main 2010, Wiesbaden: VS, 1-10 (CD-ROM). <\/li>\n\n\n\n<li>Dickel, Sascha (2011): Verf\u00fchrung zur Grenz\u00fcberschreitung. Liberale Utopien des Enhancements, in: Sascha Dickel, Martina Franzen, Christoph Kehl (Hg.): Herausforderung Biomedizin \u2013 Gesellschaftliche Deutung und soziale Praxis, Bielefeld: transcript, 251-166 <\/li>\n\n\n\n<li>Dickel, Sascha (2011): Entgrenzung der Machbarkeit? Biopolitische Utopien des Enhancements, in: Peter B\u00f6hlemann, Almuth Hattenbach, Lars Klinnert, Peter Markus (Hg.): Der machbare Mensch? Moderne Hirnforschung, biomedizinisches Enhancement und christliches Menschenbild, Berlin \/ M\u00fcnster: Lit, 75-84  <\/li>\n\n\n\n<li>Dickel, Sascha (2009): Utopische Positionierungen &#8211; Vor\u00fcberlegungen zu einer Wissenssoziologie des Utopischen am Beispiel popul\u00e4rwissenschaftlicher Enhancement-Visionenen, in: Rolf Steltemeier, Sascha Dickel, Sandro Gaycken, Tobias Knobloch (eds.): Neue Utopien. On the transformation of a genre, Heidelberg: Manutius, 169-200 <\/li>\n\n\n\n<li>Steltemeier, Rolf; Dickel, Sascha; Gaycken, Sandro; Knobloch, Tobias: Einleitung, in: Rolf Steltemeier, Sascha Dickel, Sandro Gaycken, Tobias Knobloch (Hg.) (2009): Neue Utopien. Zum Wandel eines Genres, Heidelberg: Manutius, 8-17 <\/li>\n\n\n\n<li>Dickel, Sascha (2009): Lernbereitschaft als Norm. \u00dcberlegungen zur Struktur der Wissensgesellschaft, in: Michael Klein (Hg.): Die Zukunft des Wissens: Eine transdisziplin\u00e4re Diskussion \u00fcber den Aufbruch in die Wissensgesellschaft, Frankfurt: Institute for New Media, 6-15 <\/li>\n\n\n\n<li>Dickel, Sascha (2008): \u201cBig brother is not watching you\u201d. Die Anwesenheit der abwesenden Gesellschaft in Vincenzo Natalis \u201cCube\u201d, in: Jan A. Fuhse (Hg.): Technik und Gesellschaft in der Science Fiction, M\u00fcnster: Lit, 159-174 <\/li>\n\n\n\n<li>Dickel, Sascha (2008): Steuerung oder Evolution? Enhancement als biopolitischer Konflikt, in: Karl-Siegbert Rehberg (Hg.): Die Natur der Gesellschaft. Verhandlungen des 33. Kongresses der Deutschen Gesellschaft f\u00fcr Soziologie in Kassel 2006, Frankfurt am Main, New York: Campus, 2314-2325  <\/li>\n<\/ul>\n<\/div><\/div>\n<\/jgu-base-section><jgu-base-section react-props=\"{&quot;color&quot;:&quot;white&quot;,&quot;align&quot;:&quot;wide&quot;,&quot;padding&quot;:&quot;medium&quot;}\">\n<div class=\"jgu-bgsection bg bg-white\"><div class=\"content padding-medium\"><div\n\tclass=\"jgu-anchorpoint\"\n\tid=\"teaching events\"\n\tdata-label=\"Courses\"\n\tdata-hide-in-nav=\"false\"\n\ttabindex=\"0\"\n\tdata-initial-scroll=\"true\"\n><\/div>\n\n\n<jgu-base-heading react-props=\"{\n    &quot;tags&quot;: {\n        &quot;htmlTag&quot;: &quot;h2&quot;,\n        &quot;classTag&quot;: &quot;h3&quot;,\n        &quot;tag&quot;: &quot;h2.h3&quot;\n    },\n    &quot;heading&quot;: &quot;Courses&quot;,\n    &quot;textAlign&quot;: &quot;left&quot;,\n    &quot;anchor&quot;: &quot;&quot;,\n    &quot;index&quot;: &quot;&quot;,\n    &quot;color&quot;: &quot;red&quot;\n}\"><\/jgu-base-heading>\n\n\n\n<p><strong>Summer semester 2025<\/strong><\/p>\n\n\n\n<div class=\"wp-block-columns is-layout-flex wp-container-core-columns-is-layout-9d6595d7 wp-block-columns-is-layout-flex\">\n<div class=\"wp-block-column is-layout-flow wp-block-column-is-layout-flow\" style=\"flex-basis:66.66%\">\n<p class=\"has-normal-font-size\"><strong>Lecture<\/strong>: <br\/>Introduction to the Sociology of Media (every summer semester)<\/p>\n\n\n\n<p class=\"has-normal-font-size\"><strong>Seminars<\/strong>:<br\/>Communication with machines <br\/>Project seminar Media Futures (Part 1)<br\/><br\/><strong>Colloquiums<\/strong>:<br\/>Media and society: master&#8217;s theses and doctoral dissertations (every semester)<br\/><\/p>\n<\/div>\n\n\n\n<div class=\"wp-block-column is-layout-flow wp-block-column-is-layout-flow\" style=\"flex-basis:33.33%\">\n<div class=\"wp-block-media-text is-stacked-on-mobile\" style=\"grid-template-columns:25% auto\"><figure class=\"wp-block-media-text__media\"><a href=\"https:\/\/jogustine.uni-mainz.de\/\"><img decoding=\"async\" src=\"https:\/\/medien-gesellschaft.soziologie.uni-mainz.de\/wp-content\/uploads\/sites\/214\/2025\/02\/JOGUStINe_webtauglich-150x132-3.gif\" alt=\"\" class=\"wp-image-14580 size-full\" \/><\/a><\/figure><div class=\"wp-block-media-text__content\">\n<p><\/p>\n<\/div><\/div>\n<\/div>\n<\/div>\n\n\n\n<p class=\"has-normal-font-size\"><strong>Past seminars<\/strong> <strong>(selection)<\/strong>:<br\/>Interpersonal communication <br\/>Science fiction and society <br\/>Media futures<br\/>The autonomy of science?  <br\/>Social media<br\/>Hermeneutic media and communication research<br\/>Interpersonal communication and its mediatization<br\/>Theory of Society: Andreas Reckwitz<br\/>Posthumanism<br\/>Science and the public  <br\/>Algorithms and society<br\/>Theory of Society: Niklas Luhmann<br\/>Digitalization and society  <br\/>Sociological interpretation: Introduction to hermeneutic sequence analysis  <br\/>Film sociology  <\/p>\n<\/div><\/div>\n<\/jgu-base-section>    <div style=\"display: none\">\n        \n    <\/div>","protected":false},"excerpt":{"rendered":"","protected":false},"author":492,"featured_media":0,"parent":0,"menu_order":0,"comment_status":"closed","ping_status":"closed","template":"","meta":{"footnotes":""},"categories":[],"tags":[],"class_list":["post-16741","page","type-page","status-publish","hentry"],"content_raw":"<!-- wp:media-text {\"mediaId\":9571,\"mediaLink\":\"https:\/\/medien-gesellschaft.soziologie.uni-mainz.de\/universitaetsprofessor-dr-sascha-dickel\/8r7a61221\/\",\"mediaType\":\"image\",\"mediaWidth\":35,\"mediaSizeSlug\":\"medium\",\"verticalAlignment\":\"top\",\"imageFill\":false,\"translatedWithWPMLTM\":\"1\"} -->\n<div class=\"wp-block-media-text is-stacked-on-mobile is-vertically-aligned-top\" style=\"grid-template-columns:35% auto\"><figure class=\"wp-block-media-text__media\"><img src=\"https:\/\/cms.zdv.uni-mainz.de\/fb02-mediensoziologie\/wp-content\/uploads\/sites\/214\/2024\/07\/8R7A61221-721x1024.jpg\" alt=\"\" class=\"wp-image-9571 size-medium\" \/><\/figure><div class=\"wp-block-media-text__content\"><!-- wp:jgu\/heading {\"tags\":{\"htmlTag\":\"h2\",\"classTag\":\"h2\",\"tag\":\"h2.h2\"},\"heading\":\"Prof. Dr. Sascha Dickel\"} \/-->\n\n<!-- wp:jgu\/heading {\"tags\":{\"htmlTag\":\"h3\",\"classTag\":\"\",\"tag\":\"h3\"},\"heading\":\"Main research areas\"} \/-->\n\n<!-- wp:paragraph {\"translatedWithWPMLTM\":\"1\"} -->\n<p>Social and media theory<br\/>Digital participation<br\/>Technological futures<br\/>Qualitative methods <\/p>\n<!-- \/wp:paragraph -->\n\n<!-- wp:columns -->\n<div class=\"wp-block-columns\"><!-- wp:column -->\n<div class=\"wp-block-column\"><!-- wp:jgu\/idm-person {\"id\":\"5886\",\"organizationId\":3334,\"roleId\":149} \/-->\n\n<!-- wp:jgu\/button -->\n<!-- wp:jgu\/button-item {\"text\":\"Arrange a consultation hour\",\"link\":{\"url\":\"https:\/\/appt.link\/dickel\",\"linkTarget\":\"\",\"rel\":\"\",\"id\":\"https:\/\/appt.link\/dickel\",\"title\":\"https:\/\/appt.link\/dickel\",\"type\":\"link\",\"opensInNewTab\":true}} \/-->\n<!-- \/wp:jgu\/button -->\n\n<!-- wp:jgu\/button -->\n<!-- wp:jgu\/button-item {\"text\":\"To the online consultation\",\"link\":{\"url\":\"https:\/\/bbb.rlp.net\/b\/dic-qp2-mdv-qpt\",\"linkTarget\":\"\",\"rel\":\"\",\"id\":\"https:\/\/bbb.rlp.net\/b\/dic-qp2-mdv-qpt\",\"title\":\"https:\/\/bbb.rlp.net\/b\/dic-qp2-mdv-qpt\",\"type\":\"link\",\"opensInNewTab\":true}} \/-->\n<!-- \/wp:jgu\/button --><\/div>\n<!-- \/wp:column -->\n\n<!-- wp:column {\"verticalAlignment\":\"center\",\"layout\":{\"type\":\"constrained\"}} -->\n<div class=\"wp-block-column is-vertically-aligned-center\"><!-- wp:group {\"layout\":{\"type\":\"flex\",\"orientation\":\"vertical\"}} -->\n<div class=\"wp-block-group\"><!-- wp:paragraph {\"align\":\"left\",\"translatedWithWPMLTM\":\"1\"} -->\n<p class=\"has-text-align-left\"><strong>Vacation consultation<\/strong> <strong>SoSe 2025<\/strong>: August 06, 13:30- 16:00 in room 03.325 (GFG) or digital and September 09, 10:00-14:00, digital only. Please proceed as follows: Click on the \"Arrange consultation hour\" button on the left and independently select an appointment in presence or digitally. Pay attention to the information behind the \u24d8 icon or on the left-hand side in the overview. Enter your name, student e-mail and your request in a concise form. If your booking is successful, you will receive a summary of the appointment in the office hours tool and separately to your specified student email.    <\/p>\n<!-- \/wp:paragraph --><\/div>\n<!-- \/wp:group --><\/div>\n<!-- \/wp:column --><\/div>\n<!-- \/wp:columns --><\/div><\/div>\n<!-- \/wp:media-text --><!-- wp:spacer {\"height\":\"44px\"} -->\n<div style=\"height:44px\" aria-hidden=\"true\" class=\"wp-block-spacer\"><\/div>\n<!-- \/wp:spacer --><!-- wp:jgu\/anchornavigation \/--><!-- wp:jgu\/section {\"color\": \"light\"} -->\n<div class=\"jgu-bgsection bg bg-light\"><div class=\"content padding-medium\"><!-- wp:jgu\/anchorpoint {\"title\":\"Curriculum vitae\",\"slug\":\"Curriculum vitae\"} \/-->\n\n<!-- wp:jgu\/heading {\"tags\":{\"htmlTag\":\"h2\",\"classTag\":\"h3\",\"tag\":\"h2.h3\"},\"heading\":\"Academic positions\"} \/-->\n\n<!-- wp:paragraph {\"fontSize\":\"normal\",\"translatedWithWPMLTM\":\"1\"} -->\n<p class=\"has-normal-font-size\"><strong>since 2021<\/strong><br\/>Professor of Sociology of Media and Theory of Society, Johannes Gutenberg University Mainz<\/p>\n<!-- \/wp:paragraph -->\n\n<!-- wp:paragraph {\"fontSize\":\"normal\",\"translatedWithWPMLTM\":\"1\"} -->\n<p class=\"has-normal-font-size\"><strong>2017-2021<\/strong><br\/>Junior professor for Sociology of Media, Johannes Gutenberg University Mainz<\/p>\n<!-- \/wp:paragraph -->\n\n<!-- wp:paragraph {\"fontSize\":\"normal\",\"translatedWithWPMLTM\":\"1\"} -->\n<p class=\"has-normal-font-size\"><strong>2019<\/strong><br\/>Visiting professor at the Institute for Science and Technology Studies, University of Vienna (winter semester)<\/p>\n<!-- \/wp:paragraph -->\n\n<!-- wp:paragraph {\"fontSize\":\"normal\",\"translatedWithWPMLTM\":\"1\"} -->\n<p class=\"has-normal-font-size\"><strong>2016-2017<\/strong><br\/>Academic staff member (substitute position), Institute of Philosophy, TU Darmstadt (winter semester)<\/p>\n<!-- \/wp:paragraph -->\n\n<!-- wp:paragraph {\"fontSize\":\"normal\",\"translatedWithWPMLTM\":\"1\"} -->\n<p class=\"has-normal-font-size\"><strong>2014-2017<\/strong><br\/>Academic staff member, TUM School of Governance \/ Munich Center for Technology in Society, TU Munich<\/p>\n<!-- \/wp:paragraph -->\n\n<!-- wp:paragraph {\"fontSize\":\"normal\",\"translatedWithWPMLTM\":\"1\"} -->\n<p class=\"has-normal-font-size\"><strong>2012-2014<\/strong><br\/>Academic staff member, Institute for Ecological Economy Research, Berlin<\/p>\n<!-- \/wp:paragraph -->\n\n<!-- wp:paragraph {\"fontSize\":\"normal\",\"translatedWithWPMLTM\":\"1\"} -->\n<p class=\"has-normal-font-size\"><strong>2005-2006<\/strong><br\/>Academic staff member, School of Sociology, teaching and research area Political Science, University of Bielefeld<\/p>\n<!-- \/wp:paragraph -->\n\n<!-- wp:spacer {\"height\":\"25px\"} -->\n<div style=\"height:25px\" aria-hidden=\"true\" class=\"wp-block-spacer\"><\/div>\n<!-- \/wp:spacer -->\n\n<!-- wp:jgu\/heading {\"tags\":{\"htmlTag\":\"h2\",\"classTag\":\"h3\",\"tag\":\"h2.h3\"},\"heading\":\"Fellowships \/ Scholarships\"} \/-->\n\n<!-- wp:paragraph {\"fontSize\":\"normal\",\"translatedWithWPMLTM\":\"1\"} -->\n<p class=\"has-normal-font-size\"><strong>since 2014<\/strong><br\/>Fellow, Institute for Ecological Economy Research, Berlin<\/p>\n<!-- \/wp:paragraph -->\n\n<!-- wp:paragraph {\"fontSize\":\"normal\",\"translatedWithWPMLTM\":\"1\"} -->\n<p class=\"has-normal-font-size\"><strong>2009-2012<\/strong><br\/>Post-doctoral scholarship student, Institute for Science and Technology Studies, University of Bielefeld<\/p>\n<!-- \/wp:paragraph -->\n\n<!-- wp:paragraph {\"fontSize\":\"normal\",\"translatedWithWPMLTM\":\"1\"} -->\n<p class=\"has-normal-font-size\"><strong>Summer semester 2011<\/strong><br\/>DAAD\/AICGS Research Fellow, Johns Hopkins University, Washington DC (summer semester)<\/p>\n<!-- \/wp:paragraph -->\n\n<!-- wp:paragraph {\"fontSize\":\"normal\",\"translatedWithWPMLTM\":\"1\"} -->\n<p class=\"has-normal-font-size\"><strong>2006-2009<\/strong><br\/>Doctoral scholarship holder, Evangelisches Studienwerk Villigst<\/p>\n<!-- \/wp:paragraph -->\n\n<!-- wp:paragraph {\"fontSize\":\"normal\",\"translatedWithWPMLTM\":\"1\"} -->\n<p class=\"has-normal-font-size\"><strong>2008<\/strong><br\/>Fellow, School of Social Science, Cardiff University (winter semester)<\/p>\n<!-- \/wp:paragraph -->\n\n<!-- wp:spacer {\"height\":\"25px\"} -->\n<div style=\"height:25px\" aria-hidden=\"true\" class=\"wp-block-spacer\"><\/div>\n<!-- \/wp:spacer -->\n\n<!-- wp:jgu\/heading {\"tags\":{\"htmlTag\":\"h2\",\"classTag\":\"h3\",\"tag\":\"h2.h3\"},\"heading\":\"Vocational Training\"} \/-->\n\n<!-- wp:paragraph {\"fontSize\":\"normal\",\"translatedWithWPMLTM\":\"1\"} -->\n<p class=\"has-normal-font-size\"><strong>2020<\/strong><br\/>Positive mid-tenure review of the junior professorship<\/p>\n<!-- \/wp:paragraph -->\n\n<!-- wp:paragraph {\"fontSize\":\"normal\",\"translatedWithWPMLTM\":\"1\"} -->\n<p class=\"has-normal-font-size\"><strong>2019<\/strong><br\/>Habilitation (venia legendi: Sociology), TU Munich<\/p>\n<!-- \/wp:paragraph -->\n\n<!-- wp:paragraph {\"fontSize\":\"normal\",\"translatedWithWPMLTM\":\"1\"} -->\n<p class=\"has-normal-font-size\"><strong>2010<\/strong><br\/>Dr. phil., Sociology, University of Bielefeld<\/p>\n<!-- \/wp:paragraph -->\n\n<!-- wp:paragraph {\"fontSize\":\"normal\",\"translatedWithWPMLTM\":\"1\"} -->\n<p class=\"has-normal-font-size\"><strong>2006-2010<\/strong><br\/>Doctoral candidate, Institute for Science and Technology Studies, University of Bielefeld<\/p>\n<!-- \/wp:paragraph -->\n\n<!-- wp:paragraph {\"fontSize\":\"normal\",\"translatedWithWPMLTM\":\"1\"} -->\n<p class=\"has-normal-font-size\"><strong>2005<\/strong><br\/>Magister Artium, Political Science, Sociology, Philosophy of Law<\/p>\n<!-- \/wp:paragraph -->\n\n<!-- wp:paragraph {\"fontSize\":\"normal\",\"translatedWithWPMLTM\":\"1\"} -->\n<p class=\"has-normal-font-size\"><strong>2001-2005<\/strong><br\/>Goethe University Frankfurt am Main (major: Political Science; minors: Sociology, Philosophy of Law)<\/p>\n<!-- \/wp:paragraph -->\n\n<!-- wp:paragraph {\"fontSize\":\"normal\",\"translatedWithWPMLTM\":\"1\"} -->\n<p class=\"has-normal-font-size\"><strong>2000-2001<\/strong><br\/>Philipps University of Marburg (Political Science, Sociology &amp; Media Studies)<\/p>\n<!-- \/wp:paragraph -->\n\n<!-- wp:spacer {\"height\":\"25px\"} -->\n<div style=\"height:25px\" aria-hidden=\"true\" class=\"wp-block-spacer\"><\/div>\n<!-- \/wp:spacer -->\n\n<!-- wp:jgu\/heading {\"tags\":{\"htmlTag\":\"h2\",\"classTag\":\"h3\",\"tag\":\"h2.h3\"},\"heading\":\"Prices\"} \/-->\n\n<!-- wp:list {\"className\":\"wp-block-list\"} -->\n<ul class=\"wp-block-list\"><!-- wp:list-item {\"translatedWithWPMLTM\":\"1\"} -->\n<li>Philosophy Book Prize 2014, Hanover Research Institute for Philosophy: \u201cEnhancement Utopias\u201d, laudatory speech by Prof. Dr. Armin Nassehi<\/li>\n<!-- \/wp:list-item -->\n\n<!-- wp:list-item {\"translatedWithWPMLTM\":\"1\"} -->\n<li>TTN Essay Prize 2013, Institute of Technics Department - Theology - Natural Sciences, LMU Munich: \u201cPlea for a Post-Romantic Ecology\u201d<\/li>\n<!-- \/wp:list-item -->\n\n<!-- wp:list-item {\"translatedWithWPMLTM\":\"1\"} -->\n<li>What if? visions of the information society, Science Year 2006, Telepolis magazine \/ Bayerischer Rundfunk: \u201cBionostalgia\u201d <\/li>\n<!-- \/wp:list-item -->\n\n<!-- wp:list-item {\"translatedWithWPMLTM\":\"1\"} -->\n<li>Under 28, Merkur 2005 \u201cThe spectre of globalization\u201d<\/li>\n<!-- \/wp:list-item --><\/ul>\n<!-- \/wp:list -->\n\n<!-- wp:spacer {\"height\":\"51px\"} -->\n<div style=\"height:51px\" aria-hidden=\"true\" class=\"wp-block-spacer\"><\/div>\n<!-- \/wp:spacer -->\n\n<!-- wp:jgu\/heading {\"tags\":{\"htmlTag\":\"h2\",\"classTag\":\"h3\",\"tag\":\"h2.h3\"},\"heading\":\"Selection of lead projects acquired\"} \/-->\n\n<!-- wp:paragraph {\"fontSize\":\"normal\",\"translatedWithWPMLTM\":\"1\"} -->\n<p class=\"has-normal-font-size\"><strong>2022-2024<\/strong><br\/>Project manager, BMBF network<br\/>Development of a platform for the intelligent provision of knowledge for SMEs, neogramm GmbH &amp; Co, JGU Mainz, KG, CaderaDesign GmbH, HPM Technologie GmbH, KRESS Fahrzeugbau GmbH<br\/>- Own sub-project: \u201cApplication-oriented social science-media-reflective integrated research and technology assessment\u201d<\/p>\n<!-- \/wp:paragraph -->\n\n<!-- wp:paragraph {\"fontSize\":\"normal\",\"translatedWithWPMLTM\":\"1\"} -->\n<p class=\"has-normal-font-size\"><strong>2021-2025<\/strong><br\/>Head of two subprojects, Collaborative Research Center CRC) funded by the German Research Foundation<br\/>- Own subproject C06: Posthuman de-differentiation. The technological optimization of human bodies<br\/>- Own subproject \u00d6 (with T. Boll &amp; B. Wihstutz): Responsive (cultural) science communication: mediation, dialog and resonance observation <\/p>\n<!-- \/wp:paragraph -->\n\n<!-- wp:paragraph {\"fontSize\":\"normal\",\"translatedWithWPMLTM\":\"1\"} -->\n<p class=\"has-normal-font-size\"><strong>2020-2023<\/strong><br\/>The Evidence Culture of Citizen Science, sub-project DFG research unit Practicing Evidence - Evidencing Practice, Phase 2<\/p>\n<!-- \/wp:paragraph -->\n\n<!-- wp:paragraph {\"fontSize\":\"normal\",\"translatedWithWPMLTM\":\"1\"} -->\n<p class=\"has-normal-font-size\"><strong>2018-2021<\/strong><br\/>Network leader, BMBF network<br\/>Designing the future materially. Prototypes as communication media of the new JGU Mainz with TUM, Deutsches Museum, FH Potsdam <\/p>\n<!-- \/wp:paragraph -->\n\n<!-- wp:paragraph {\"fontSize\":\"normal\",\"translatedWithWPMLTM\":\"1\"} -->\n<p class=\"has-normal-font-size\"><strong>2017-2019<\/strong><br\/>Evidence in Citizen Science, sub-project DFG research unit Practicing Evidence - Evidencing Practice (with S. Maasen), TU Munich, Phase 1<\/p>\n<!-- \/wp:paragraph -->\n\n<!-- wp:paragraph {\"fontSize\":\"normal\",\"translatedWithWPMLTM\":\"1\"} -->\n<p class=\"has-normal-font-size\"><strong>2017-2018<\/strong><br\/>Demonstrated suspicion of originality. A Brief Sociology of the Prototype in the Age of its Socialization, Volkswagen Foundation <\/p>\n<!-- \/wp:paragraph -->\n\n<!-- wp:paragraph {\"fontSize\":\"normal\",\"translatedWithWPMLTM\":\"1\"} -->\n<p class=\"has-normal-font-size\"><strong>2015-2017<\/strong><br\/>TechnoCitizenScience. Citizen innovations in science and Technics Department, BMBF joint project TU Munich and KIT ITAS <\/p>\n<!-- \/wp:paragraph -->\n\n<!-- wp:paragraph {\"fontSize\":\"normal\",\"translatedWithWPMLTM\":\"1\"} -->\n<p class=\"has-normal-font-size\"><strong>2012<\/strong><br\/>Zukunftsexpertise. On the generation, legitimization, use and recognition of future knowledge, working group at the Center for Interdisciplinary Research (ZiF), University of Bielefeld <\/p>\n<!-- \/wp:paragraph --><\/div><\/div>\n<!-- \/wp:jgu\/section --><!-- wp:jgu\/section {\"color\": \"light\"} -->\n<div class=\"jgu-bgsection bg bg-light\"><div class=\"content padding-medium\"><!-- wp:jgu\/anchorpoint {\"title\":\"Publications\",\"slug\":\"publications\"} \/-->\n\n<!-- wp:jgu\/heading {\"tags\":{\"htmlTag\":\"h2\",\"classTag\":\"h3\",\"tag\":\"h2.h3\"},\"heading\":\"Books\"} \/-->\n\n<!-- wp:list {\"className\":\"wp-block-list\"} -->\n<ul class=\"wp-block-list\"><!-- wp:list-item {\"translatedWithWPMLTM\":\"1\"} -->\n<li>SONA \u2013 Netzwerk Soziologie der Nachhaltigkeit (Hg.) (2021): Soziologie der Nachhaltigkeit. Bielefeld: transcript <a href=\"https:\/\/www.transcript-verlag.de\/author\/sona-netzwerk-soziologie-der-nachhaltigkeit-320024893\/\">kostenlos downloaden<\/a>  <\/li>\n<!-- \/wp:list-item -->\n\n<!-- wp:list-item {\"translatedWithWPMLTM\":\"1\"} -->\n<li>Maasen, Sabine; Dickel, Sascha; Christoph Schneider (eds.) (2020): TechnoScienceSociety. Technological Reconfigurations of Science and Society (Sociology of the Sciences Year-book 30), Cham: Springer <\/li>\n<!-- \/wp:list-item -->\n\n<!-- wp:list-item {\"translatedWithWPMLTM\":\"1\"} -->\n<li>Heyen, Nils; Dickel, Sascha; Br\u00fcninghaus, Anne (Hg.) (2019): Personal Health Science. Pers\u00f6nliches Gesundheitswissen zwischen Selbstsorge und B\u00fcrgerforschung, Wiesbaden: Springer <\/li>\n<!-- \/wp:list-item -->\n\n<!-- wp:list-item {\"translatedWithWPMLTM\":\"1\"} -->\n<li>Dickel, Sascha (2019): Prototyping Society. Zur vorauseilenden Technologisierung gesellschaftlicher Zukunft. Bielefeld: transcript <a href=\"https:\/\/www.transcript-verlag.de\/978-3-8376-4736-5\/prototyping-society-zur-vorauseilenden-technologisierung-der-zukunft\/\">kostenlos downloaden<\/a>  <\/li>\n<!-- \/wp:list-item -->\n\n<!-- wp:list-item {\"translatedWithWPMLTM\":\"1\"} -->\n<li>Petschow, Ulrich; Ferdinand, Jan-Peter; Dickel, Sascha (eds.) (2016): The Decentralized and Networked Future of Value Creation. 3D Printing and its Implications for Society, Industry, and Sustainable Development, Dordrecht: Springer <\/li>\n<!-- \/wp:list-item -->\n\n<!-- wp:list-item -->\n<li>Dickel, Sascha; Franzen, Martina; Kehl, Christoph (Hg.) (2011): Herausforderung Biomedizin \u2013 Gesellschaftliche Deutung und soziale Praxis, Bielefeld: transcript<\/li>\n<!-- \/wp:list-item -->\n\n<!-- wp:list-item {\"translatedWithWPMLTM\":\"1\"} -->\n<li>Dickel, Sascha (2011): Enhancement-Utopien. Soziologische Analysen zur Konstruktion des Neuen Menschen, Baden-Baden: Nomos <\/li>\n<!-- \/wp:list-item -->\n\n<!-- wp:list-item {\"translatedWithWPMLTM\":\"1\"} -->\n<li>Steltemeier, Rolf; Dickel, Sascha; Gaycken, Sandro; Knobloch, Tobias (Hg.) (2009): Neue Utopien. Zum Wandel eines Genres, Heidelberg: Manutius <\/li>\n<!-- \/wp:list-item --><\/ul>\n<!-- \/wp:list -->\n\n<!-- wp:spacer {\"height\":\"25px\"} -->\n<div style=\"height:25px\" aria-hidden=\"true\" class=\"wp-block-spacer\"><\/div>\n<!-- \/wp:spacer -->\n\n<!-- wp:jgu\/heading {\"tags\":{\"htmlTag\":\"h2\",\"classTag\":\"h3\",\"tag\":\"h2.h3\"},\"heading\":\"Journal articles\"} \/-->\n\n<!-- wp:paragraph {\"fontSize\":\"normal\",\"translatedWithWPMLTM\":\"1\"} -->\n<p class=\"has-normal-font-size\">*= with peer review<\/p>\n<!-- \/wp:paragraph -->\n\n<!-- wp:list {\"className\":\"wp-block-list\"} -->\n<ul class=\"wp-block-list\"><!-- wp:list-item {\"translatedWithWPMLTM\":\"1\"} -->\n<li>Lind, Miriam; Dickel, Sascha (2024): Speaking, but having no voice. Negotiating agency in advertisements for intelligent personal assistants. In: Convergence 30 (3), article 13548565231192100, pp. 1008-1024. <a href=\"https:\/\/doi.org\/10.1177\/13548565231192100\">DOI: 10.1177\/13548565231192100.<\/a>  <\/li>\n<!-- \/wp:list-item -->\n\n<!-- wp:list-item {\"translatedWithWPMLTM\":\"1\"} -->\n<li>Dickel, Sascha (2023): Der kybernetische Blick und seine Grenzen. Zur systemtheoretischen Selbstbeschreibung der digitalen Gesellschaft. In: Berl. J. Soziol. 33 (3), S. 197\u2013226. DOI: 10.1007\/s11609-022-00475-9.     <\/li>\n<!-- \/wp:list-item -->\n\n<!-- wp:list-item {\"translatedWithWPMLTM\":\"1\"} -->\n<li>Lipp, Benjamin; Dickel, Sascha (2023): Interfacing the human\/machine. In: Distinktion: Journal of Social Theory 24 (3), S. 425\u2013443. DOI: 10.1080\/1600910X.2021.2012709.  <\/li>\n<!-- \/wp:list-item -->\n\n<!-- wp:list-item -->\n<li>Dickel, Sascha (2022): Die Imagination der Kommunikation, Zeitschrift f\u00fcr Kulturwissenschaften 16 (2), 143\u2013160<\/li>\n<!-- \/wp:list-item -->\n\n<!-- wp:list-item {\"translatedWithWPMLTM\":\"1\"} -->\n<li>Lind, Miriam; Dickel, Sascha (2022): Speaking, but having no voice. Negotiating agency in advertisements for intelligent personal assistants, Convergence, article 13548565231192100, pp. 1-17. DOI: 10.1177\/13548565231192100 (Online first)*.  <\/li>\n<!-- \/wp:list-item -->\n\n<!-- wp:list-item {\"translatedWithWPMLTM\":\"1\"} -->\n<li>Dickel, Sascha; Kornehl, Karolin (2022): #selberdenken. Die Artikulation von Systemmisstrauen und die Beanspruchung epistemischer Autonomie in der Corona-Krise, kommges 23 (1), 1-28* <\/li>\n<!-- \/wp:list-item -->\n\n<!-- wp:list-item -->\n<li>Dogruel, Leyla., Dickel, Sascha (2022): Die Kommunikativierung der Maschinen. Publizistik 67 (4), 475\u2013486*<\/li>\n<!-- \/wp:list-item -->\n\n<!-- wp:list-item {\"translatedWithWPMLTM\":\"1\"} -->\n<li>Dickel, Sascha (2022): Der kybernetische Blick und seine Grenzen. Zur systemtheoretischen Selbstbeschreibung der digitalen Gesellschaft, Berl. J. Soziol, 1-30. DOI: 10.1007\/s11609-022-00475-8 (Online first)*  <\/li>\n<!-- \/wp:list-item -->\n\n<!-- wp:list-item {\"translatedWithWPMLTM\":\"1\"} -->\n<li>Dickel, Sascha; Lipp, Benjamin (2022): Interfacing the human\/machine, Distinction 23 (1), DOI: 10.1080\/1600910X.2021.2012709<\/li>\n<!-- \/wp:list-item -->\n\n<!-- wp:list-item {\"translatedWithWPMLTM\":\"1\"} -->\n<li>Dickel, Sascha; Neumann, Martin (2021): Hermeneutik sozialer Simulationen. Zur Interpretation digital erzeugter Narrative, Sozialer Sinn 22 (2), 353-387 <\/li>\n<!-- \/wp:list-item -->\n\n<!-- wp:list-item {\"translatedWithWPMLTM\":\"1\"} -->\n<li>Dickel, Sascha (2021): Wenn die Technik sprechen lernt. K\u00fcnstliche Kommunikation als kulturelle Herausforderung mediatisierter Gesellschaften, TATuP 30 (3), 23-29 <\/li>\n<!-- \/wp:list-item -->\n\n<!-- wp:list-item {\"translatedWithWPMLTM\":\"1\"} -->\n<li>Henkel, Anna; Barth, Thomas; K\u00f6hrsen, Jens; Wendt, Bj\u00f6rn; Besio, Cristina; Block, Katharina; B\u00f6schen, Stefan; Dickel, Sascha; G\u00f6rgen, Benjamin; Gro\u00df, Matthias; R\u00f6dder, Simone; Pfister, Thomas (2021): Intransparente Beliebigkeit oder produktive Vielfalt? Konturen einer Soziologie der Nachhaltigkeit. Kommentar zum Aufsatz von Karl-Werner Brand. In: Leviathan 49 (2), 224-230   <\/li>\n<!-- \/wp:list-item -->\n\n<!-- wp:list-item {\"translatedWithWPMLTM\":\"1\"} -->\n<li>Mahr, Dana; Dickel, Sascha (2020): Rethinking intellectual property rights and commons based peer production in times of crisis. The case of COVID19 and 3D printed medical devices, Journal of Intellectual Property Law and Practice (Online First: https:\/\/doi.org\/10.1093\/jiplp\/jpaa124) <\/li>\n<!-- \/wp:list-item -->\n\n<!-- wp:list-item {\"translatedWithWPMLTM\":\"1\"} -->\n<li>Block, Katharina; Dickel, Sascha (2020): Jenseits der Autonomie. Die De\/Problematisierung des Subjekts in Zeiten der Digitalisierung, Behemoth, 13 (1), 109-131* <\/li>\n<!-- \/wp:list-item -->\n\n<!-- wp:list-item {\"translatedWithWPMLTM\":\"1\"} -->\n<li>Dickel, Sascha (2020): Postsoziale Gesellschaft. Zur Aktualit\u00e4t der Systemtheorie in Zeiten digitaler Kommunikation, Soziale Welt (Sonderheft Digitale Soziologie \u2013 Soziologie des Digitalen), 46-59* <\/li>\n<!-- \/wp:list-item -->\n\n<!-- wp:list-item {\"translatedWithWPMLTM\":\"1\"} -->\n<li>Dickel, Sascha (2020); Maasen, Sabine; Wenninger, Andreas: Nachhaltige Transformation der Wissenschaft? Soziologie und Nachhaltigkeit 6 (1), 1-20* <\/li>\n<!-- \/wp:list-item -->\n\n<!-- wp:list-item {\"translatedWithWPMLTM\":\"1\"} -->\n<li>K\u00f6hrsen, Jens; B\u00f6schen, Stefan; Dickel, Sascha; Pfister, Thomas; R\u00f6dder, Simone; B\u00f6schen, Stefan; Wendt, Bj\u00f6rn; Block, Katharina; Henkel, Anna (2019): Still Silent or an Emerging Field? Climate Change in Sociology, Current Sociology 68 (6), 738-760* <\/li>\n<!-- \/wp:list-item -->\n\n<!-- wp:list-item {\"translatedWithWPMLTM\":\"1\"} -->\n<li>Mahr, Dana; Dickel, Sascha (2019): Citizen science beyond invited participation. 19th century amateur naturalists, epistemic autonomy, and big data approaches avant la lettre, History and Philosophy of the Life Sciences (2019) 41: 41. DOI: 10.1007\/s40656-019-0280-z* <\/li>\n<!-- \/wp:list-item -->\n\n<!-- wp:list-item {\"translatedWithWPMLTM\":\"1\"} -->\n<li>Dickel, Sascha; Schneider, Christoph; Thiem, Carolin; Wenten, Klara-Aylin (2019): Engineering Publics. The Different Modes of Civic Technoscience, Science &amp; Technology Studies 32 (2), 8-23* <\/li>\n<!-- \/wp:list-item -->\n\n<!-- wp:list-item {\"translatedWithWPMLTM\":\"1\"} -->\n<li>Wenninger, Andreas; Dickel, Sascha (2019): Paradoxien digital-partizipativer Wissenschaft. Zur sozio-epistemischen Grenzarbeit in Citizen Science und Wissenschaftsblogs, \u00d6sterreichische Zeitschrift f\u00fcr Soziologie 44 (Suppl 1), 257-286* <\/li>\n<!-- \/wp:list-item -->\n\n<!-- wp:list-item {\"translatedWithWPMLTM\":\"1\"} -->\n<li>Katharina Block, Karl-Werner Brand, Anna Henkel, Thomas Barth, Stefan B\u00f6schen, Sascha Dickel, Benjamin G\u00f6rgen, Jens K\u00f6hrsen, Thomas Pfister, Bj\u00f6rn Wendt (2019): Soziologie der Nachhaltigkeit. Zwischen Transformation und Reflexion, Soziologie und Nachhaltigkeit <\/li>\n<!-- \/wp:list-item -->\n\n<!-- wp:list-item {\"translatedWithWPMLTM\":\"1\"} -->\n<li>Wendt, Bj\u00f6rn; B\u00f6schen, Stefan; Barth, Thomas; Henkel, Anna; Block, Katharina; Dickel, Sascha; G\u00f6rgen, Benjamin; K\u00f6hrsen, Jens; Pfister, Thomas; R\u00f6dder, Simone; Schlo\u00dfberger, Matthias (2018): \u201eZweite Welle\u201d? Soziologie der Nachhaltigkeit \u2013 von der Aufbruchsstimmung zur Krisenreflexion, Soziologie und Nachhaltigkeit, Sonderausgabe III, 1-23. <\/li>\n<!-- \/wp:list-item -->\n\n<!-- wp:list-item {\"translatedWithWPMLTM\":\"1\"} -->\n<li>Dickel, Sascha (2017): Posthuman werden. Zur Entgrenzung von Mensch und Maschine, in: Widerspruch. M\u00fcnchner Zeitschrift f\u00fcr Philosophie, 66, 21-32  <\/li>\n<!-- \/wp:list-item -->\n\n<!-- wp:list-item {\"translatedWithWPMLTM\":\"1\"} -->\n<li>Dickel, Sascha (2017): \u00d6ffnung f\u00fcr alle \u2013 Einl\u00f6sung oder Erosion des Projekts moderner Wissenschaft? TATuP \u2013 Zeitschrift f\u00fcr Technikfolgenabsch\u00e4tzung in Theorie und Praxis 26 (1-2), 55-59* <\/li>\n<!-- \/wp:list-item -->\n\n<!-- wp:list-item {\"translatedWithWPMLTM\":\"1\"} -->\n<li>Dickel, Sascha (2017): Irritierende Objekte. Wie Zukunft prototypisch erschlossen wird, Behemoth 10 (3), 171-190* <\/li>\n<!-- \/wp:list-item -->\n\n<!-- wp:list-item -->\n<li>Dickel, Sascha; Schrape, Jan-Felix (2017): The Renaissance of Techno-Utopianism as a Challenge for Responsible Innovation, in: Journal of Responsible Innovation 19 (2), 1-6*<\/li>\n<!-- \/wp:list-item -->\n\n<!-- wp:list-item -->\n<li>Dickel, Sascha (2017): Schrape, Jan-Felix: The Logic of Digital Utopianism, NanoEthics, Special Issue Visioneering, 11 (1), 47-58*<\/li>\n<!-- \/wp:list-item -->\n\n<!-- wp:list-item {\"translatedWithWPMLTM\":\"1\"} -->\n<li>Dickel, Sascha (2016): Trust in Technologies? Science after De-Professionalization, invited comment on Weingart, Peter; Guenther, Lars: Science Communication and the Issue of Trust, Journal of Science Communication, 15 (5), 1-7 <\/li>\n<!-- \/wp:list-item -->\n\n<!-- wp:list-item {\"translatedWithWPMLTM\":\"1\"} -->\n<li>Dickel, Sascha (2016): Post-Technokratie. Prek\u00e4re Verantwortung in digitalen Kontexten, Soziale Systeme 19 (2), 282-303* <\/li>\n<!-- \/wp:list-item -->\n\n<!-- wp:list-item {\"translatedWithWPMLTM\":\"1\"} -->\n<li>Dickel, Sascha; Franzen, Martina (2016): The Problem of Extension revisited. New Modes of Digital Participation in Science, Journal of Science Communication 15 (1), 1-17* <\/li>\n<!-- \/wp:list-item -->\n\n<!-- wp:list-item {\"translatedWithWPMLTM\":\"1\"} -->\n<li>Dickel, Sascha (2016): Der Neue Mensch \u2013 Ein (technik)utopisches Upgrade. Der transhumane Traum vom Human Enhancement, Aus Politik und Zeitgeschichte, 16-21 <\/li>\n<!-- \/wp:list-item -->\n\n<!-- wp:list-item {\"translatedWithWPMLTM\":\"1\"} -->\n<li>Dickel, Sascha (2016): Zwischen Selbstverwirklichung und Selbstvermarktung. Zur Sozialfigur des Makers in der Informations\u00f6konomie, in: \u00d6kologisches Wirtschaften (3\/2016), 19-20 <\/li>\n<!-- \/wp:list-item -->\n\n<!-- wp:list-item -->\n<li>Dickel, Sascha; Franzen, Martina (2015): Digitale Inklusion: Zur sozialen \u00d6ffnung des Wissenschaftssystems, Zeitschrift f\u00fcr Soziologie 44 (5), 330\u2013347*<\/li>\n<!-- \/wp:list-item -->\n\n<!-- wp:list-item -->\n<li>Dickel, Sascha (2015): Technikutopische Zuk\u00fcnfte in einer technisierten Gesellschaft, in: FIPH-Journal (25), 1-4<\/li>\n<!-- \/wp:list-item -->\n\n<!-- wp:list-item {\"translatedWithWPMLTM\":\"1\"} -->\n<li>Dickel, Sascha; Schrape, Jan-Felix (2015): Dezentralisierung, Demokratisierung, Emanzipation. Zur Architektur des digitalen Technikutopismus, Leviathan 43 (3), 442-463* <\/li>\n<!-- \/wp:list-item -->\n\n<!-- wp:list-item -->\n<li>Dickel, Sascha; Ferdinand, Jan-Peter; Petschow, Ulrich (2014): Shared Machine Shops as Real-life Laboratories, Journal of Peer Production, (5), 1-20*<\/li>\n<!-- \/wp:list-item -->\n\n<!-- wp:list-item {\"translatedWithWPMLTM\":\"1\"} -->\n<li>Dickel, Sascha (2014): Paradoxe Natur. Pl\u00e4doyer f\u00fcr eine postromantische \u00d6kologie, in: TTN edition 1\/2014, 4-10* <\/li>\n<!-- \/wp:list-item -->\n\n<!-- wp:list-item {\"translatedWithWPMLTM\":\"1\"} -->\n<li>Dickel, Sascha (2013): Von der Dynamik des Selbermachens. Nutzergetriebene Innovationen f\u00fcr die Green Economy, in: \u00d6kologisches Wirtschaften, (3\/2013), 25-27 <\/li>\n<!-- \/wp:list-item -->\n\n<!-- wp:list-item -->\n<li>Dickel, Sascha (2011): Transformationsforschung jenseits des Elfenbeinturms, in: \u00d6kologisches Wirtschaften, (2\/2013), 17-18<\/li>\n<!-- \/wp:list-item -->\n\n<!-- wp:list-item -->\n<li>Dickel, Sascha (2011): Jenseits der Gemeinschaft, diesseits der Gesellschaft, Wie der Kulturpessimismus die Wirklichkeit sozialer Medien verfehlt, in: Medienobservationen. http:\/\/www.medienobservationen.lmu.de\/artikel\/gesellschaft\/gesellschaft_pdf\/dickel_medien.pdf<\/li>\n<!-- \/wp:list-item -->\n\n<!-- wp:list-item {\"translatedWithWPMLTM\":\"1\"} -->\n<li>Dickel, Sascha (2011): \u201cEs kommt also alles auf die Erhaltung und Verbesserung der Anlagen an\u201d. Zur Semantik eugenischer Enhancement-Utopien, Sozialer Sinn, 11 (2), S. 29-53* <\/li>\n<!-- \/wp:list-item -->\n\n<!-- wp:list-item -->\n<li>Dickel, Sascha (2009): Aufstand gegen den Tod, in: Genethischer Informationsdienst (193), 21-23<\/li>\n<!-- \/wp:list-item -->\n\n<!-- wp:list-item {\"translatedWithWPMLTM\":\"1\"} -->\n<li>Albert, Mathias; Dickel, Sascha (2006): Educating Globality. Zum Lernfeld Internationale Beziehungen\/Globalisierung an Gymnasien, Zeitschrift f\u00fcr Internationale Beziehungen, 13 (2), 261-274* <\/li>\n<!-- \/wp:list-item -->\n\n<!-- wp:list-item -->\n<li>Dickel, Sascha (2005): Das Gespenst der Globalisierung, in: Merkur, 59 (670), 173-175<\/li>\n<!-- \/wp:list-item --><\/ul>\n<!-- \/wp:list -->\n\n<!-- wp:spacer {\"height\":\"23px\"} -->\n<div style=\"height:23px\" aria-hidden=\"true\" class=\"wp-block-spacer\"><\/div>\n<!-- \/wp:spacer -->\n\n<!-- wp:jgu\/heading {\"tags\":{\"htmlTag\":\"h2\",\"classTag\":\"h3\",\"tag\":\"h2.h3\"},\"heading\":\"Contributions to anthologies\\u003Cbr\\u003E\"} \/-->\n\n<!-- wp:paragraph {\"translatedWithWPMLTM\":\"1\"} -->\n<p>*= with peer review<\/p>\n<!-- \/wp:paragraph -->\n\n<!-- wp:list {\"className\":\"wp-block-list\"} -->\n<ul class=\"wp-block-list\"><!-- wp:list-item {\"translatedWithWPMLTM\":\"1\"} -->\n<li>Dickel, Sascha (2024): Enhancement. In: Markus Dederich und J\u00f6rg Zirfas (Hg.): Optimierung. Ein interdisziplin\u00e4res Handbuch. Berlin, Heidelberg: J.B. Metzler, S. 351\u2013356.   <\/li>\n<!-- \/wp:list-item -->\n\n<!-- wp:list-item {\"translatedWithWPMLTM\":\"1\"} -->\n<li>Dickel, Sascha; Neumann, Martin (2024): Hermeneutics of social simulations. On the interpretation of digitally generated narratives. In: Martin Neumann (ed.): An interpretive account to agent-based social simulation. Using criminology to explore cultural possibilities. Abingdon, Oxon, New York, NY: Routledge, pp. 130-152.    <\/li>\n<!-- \/wp:list-item -->\n\n<!-- wp:list-item {\"translatedWithWPMLTM\":\"1\"} -->\n<li>Neumann, Martin; Dirksen, Vanessa; Dickel, Sascha (2024): On the construction of plausible futures in interpretive agent-based modeling. In: Martin Neumann (ed.): An interpretive account to agent-based social simulation. Using criminology to explore cultural possibilities. Abingdon, Oxon, New York, NY: Routledge, pp. 170-188.   <\/li>\n<!-- \/wp:list-item -->\n\n<!-- wp:list-item {\"translatedWithWPMLTM\":\"1\"} -->\n<li>Dickel, Sascha (2023): Prototyping Futures - Towards a Hermeneutics of Artefacts and Technologies. In: Armin Grunwald, Alfred <\/li>\n<!-- \/wp:list-item -->\n\n<!-- wp:list-item {\"translatedWithWPMLTM\":\"1\"} -->\n<li>Borrmann, Vera; Coenen, Christopher; Nordmann, Alfred; Cantoni, Roberto; Dickel, Sascha; Groves, Christopher et al. (2023): Future Conversations - A Topical Exchange. In: Armin Grunwald, Alfred Nordmann and Martin Sand (eds.): Hermeneutics, History, and Technology. London: Routledge, pp. 42-72.   <\/li>\n<!-- \/wp:list-item -->\n\n<!-- wp:list-item {\"translatedWithWPMLTM\":\"1\"} -->\n<li>Dickel, Sascha (2023): Prototyping Futures - Towards a Hermeneutics of Artefacts and Technologies. In: Armin Grunwald, Alfred Nordmann and Martin Sand (eds.): Hermeneutics, History, and Technology. London: Routledge, pp. 157-171.  <\/li>\n<!-- \/wp:list-item -->\n\n<!-- wp:list-item {\"translatedWithWPMLTM\":\"1\"} -->\n<li>Fuller, Steve; Nordmann, Alfred; Coenen, Christopher; Dickel, Sascha; Sand, Martin; Schomberg, Ren\u00e9 von (2023): Proactionary or Precautionary - A Debate. In: Armin Grunwald, Alfred Nordmann and Martin Sand (eds.): Hermeneutics, History, and Technology. London: Routledge, pp. 131-153.    <\/li>\n<!-- \/wp:list-item -->\n\n<!-- wp:list-item {\"translatedWithWPMLTM\":\"1\"} -->\n<li>Dickel, Sascha (2021): Die Traumfabrik. Die Inszenierung des 3D-Drucks als revolution\u00e4rer Technologie (post-) industrieller Wissensarbeit, in: Maasen, Sabine; Atwood, David (Hg.): Immanente Religion, Transzendente Technik. Leverkusen: Barbara Budrich, 225-245  <\/li>\n<!-- \/wp:list-item -->\n\n<!-- wp:list-item {\"translatedWithWPMLTM\":\"1\"} -->\n<li>Dickel, Sascha (2021): User Labs, in: Birgit Bl\u00e4ttel-Mink, Alexander Ebner, Info Schulz-Schaeffer, Arnold Windeler (Hg.): Handbuch der Innovationsforschung. Sozialwissenschaftliche Perspektiven. Wiesbaden: Springer VS, 1029-1043  <\/li>\n<!-- \/wp:list-item -->\n\n<!-- wp:list-item -->\n<li>Hillerbrand, Rafaella; Dickel, Sascha (2021): Additive Verfahren (3D-Druck), in: Grunwald, Armin; Hillerbrand, Rafaella (Hg.): Handbuch Technikethik, 2. Aufl., 300-304<\/li>\n<!-- \/wp:list-item -->\n\n<!-- wp:list-item {\"translatedWithWPMLTM\":\"1\"} -->\n<li>Dickel, Sascha (2021): Der \u203aTechnological Fix\u2039. Zur Kritik einer kritischen Semantik. In: SONA \u2013 Netzwerk Soziologie der Nachhaltigkeit (Hg.): Soziologie der Nachhaltigkeit. Bielefeld: transcript, S. 271-284*   <\/li>\n<!-- \/wp:list-item -->\n\n<!-- wp:list-item {\"translatedWithWPMLTM\":\"1\"} -->\n<li>Dickel, Sascha; Schmidt-J\u00fcngst, Miriam (2021): Gleiche Menschen, ungleiche Maschinen.<br\/>Die Humandifferenzierung digitaler Assistenzsysteme und ihrer Nutzer:innen in der Werbung In: Dizdar, Hirschauer, Paulmann, Schabacher: Humandifferenzierung. Disziplin\u00e4re Perspektiven und empirische Sondierungen. Velbr\u00fcck Wissenschaft, 342-367 *  <\/li>\n<!-- \/wp:list-item -->\n\n<!-- wp:list-item {\"translatedWithWPMLTM\":\"1\"} -->\n<li>Dickel, Sascha (2020): Gesellschaft funktioniert auch ohne anwesende K\u00f6rper. Die Krise der Interaktion und die Routinen mediatisierter Sozialit\u00e4t, in: Keitel, Christian; Volker, Mi-chael; Werner, Karin: Die Corona-Gesellschaft. Analysen zur Lage und Perspektiven f\u00fcr die Zukunft. Bielefeld: transcript (Kurzform online: https:\/\/blog.transcript-verlag.de\/gesellschaft-funktioniert-auch-ohne-anwesende-koerper\/), 79-86   <\/li>\n<!-- \/wp:list-item -->\n\n<!-- wp:list-item {\"translatedWithWPMLTM\":\"1\"} -->\n<li>Dickel, Sascha (2020): Technoscientific Citizenship in Citizen Science. Assembling crowds for biomedical research, in: Sabine Maasen, Sascha Dickel, Christoph Schneider (eds.): TechnoScienceSociety. Technological Reconfigurations of Science and Society (Sociology of the Sciences Yearbook 30). Cham: Springer, 251-265*   <\/li>\n<!-- \/wp:list-item -->\n\n<!-- wp:list-item {\"translatedWithWPMLTM\":\"1\"} -->\n<li>Maasen, Sabine; Dickel, Sascha; Schneider, Christoph (2020): TechnoScienceSociety. Technological Reconfigurations of Science and Society - An Introduction, in: Sabine Maasen, Sascha Dickel, Christoph Schneider (eds.): TechnoScienceSociety. Technological Reconfigurations of Science and Society (Sociology of the Sciences Yearbook 30). Cham: Springer, 1-18   <\/li>\n<!-- \/wp:list-item -->\n\n<!-- wp:list-item {\"translatedWithWPMLTM\":\"1\"} -->\n<li>Dickel, Sascha (2020): Digitale Demokratisierung? Zum neuen Strukturwandel der \u00d6ffentlich-keit, in: Center for Applied European Studies (Hg.): Was bedeutet Demokratie in der EU im 21. Jahrhundert? Schriftenreihe CAES, Band 3. Frankfurt am Main, 46-59 https:\/\/fhffm.bsz-bw.de\/frontdoor\/deliver\/index\/docId\/6178\/file\/Schriftenreihe_CAES_Band_3_Demokratie_WIPS.pdf  <\/li>\n<!-- \/wp:list-item -->\n\n<!-- wp:list-item {\"translatedWithWPMLTM\":\"1\"} -->\n<li>Dickel, Sascha (2020): Digitale Demokratisierung? Zum neuen Strukturwandel der \u00d6ffentlich-keit, in: Center for Applied European Studies (Hg.): Was bedeutet Demokratie in der EU im 21. Jahrhundert? Schriftenreihe CAES, Band 3. Frankfurt am Main, 46-59 https:\/\/fhffm.bsz-bw.de\/frontdoor\/deliver\/index\/docId\/6178\/file\/Schriftenreihe_CAES_Band_3_Demokratie_WIPS.pdf  <\/li>\n<!-- \/wp:list-item -->\n\n<!-- wp:list-item {\"translatedWithWPMLTM\":\"1\"} -->\n<li>Dickel, Sascha (2020): Enhancement, in: He\u00dfler, Martina; Liggieri, Kevin (Hg.): Handbuch Technikanthropologie. Baden-Baden: Nomos, 403-410 <\/li>\n<!-- \/wp:list-item -->\n\n<!-- wp:list-item {\"translatedWithWPMLTM\":\"1\"} -->\n<li>Dickel, Sascha (2020): Soziologische Systemtheorie. Nachhaltigkeit als Bewahrung einer offenen Zukunft, in: Henkel, Anna; Barth, Thomas (Hg.): 10 Minuten Nachhaltigkeit. Bielefeld: transcript, 33-46  <\/li>\n<!-- \/wp:list-item -->\n\n<!-- wp:list-item {\"translatedWithWPMLTM\":\"1\"} -->\n<li>Wenninger, Andreas; Will, Fabienne; Dickel, Sascha; Maasen, Sabine; Trischler, Helmuth (2019): Einschlie\u00dfen und Ausschlie\u00dfen. Evidenzpraktiken in der Anthropoz\u00e4ndebatte und der Citizen Science, in: Zachmann, Karin; Ehlers, Sarah: Wissen und Begr\u00fcnden. Evidenz als umk\u00e4mpfte Ressource in der Wissensgesellschaft. Baden-Baden: Nomos, 31-58   <\/li>\n<!-- \/wp:list-item -->\n\n<!-- wp:list-item {\"translatedWithWPMLTM\":\"1\"} -->\n<li>L\u00f6sch, Andreas; B\u00f6hle, Knud; Coenen, Christopher; Dobroc, Paulina; Ferrari, Arianna; Heil, Reinhard; Hommerich, Dirk; Sand, Martin; Schneider, Christoph; Aykut, Stefan; Fuchs, Daniela; Dickel, Sascha; Gransche, Bruno; Grunwald, Armin; Hausstein, Alexandra; Kastenhofer, Karen; Konrad, Kornelia; Nordmann, Alfred; Schaper-Rinkel, Petra; Scheer, Dirk; Schulz-Schaeffer, Ingo; Torgersen, Helge; Wentland, Alexander: Technology Assessment of Socio-Technical Futures - A Discussion Paper, in: L\u00f6sch, Andreas; Grunwald, Armin; Meister, Martin; Schulz-Schaeffer, Ingo (2019): Socio-Technical Futures Shaping the Present. Empirical Examples and Analytical Challenges. Wiesbaden: Springer VS, 285-308  <\/li>\n<!-- \/wp:list-item -->\n\n<!-- wp:list-item {\"translatedWithWPMLTM\":\"1\"} -->\n<li>Katharina Block, Karl-Werner Brand, Anna Henkel, Thomas Barth, Stefan B\u00f6schen, Sascha Dickel, Benjamin G\u00f6rgen, Jens K\u00f6hrsen, Thomas Pfister, Bj\u00f6rn Wendt: Soziologie der Nachhaltigkeit. Zwischen Transformation und Reflexion, in: Nicole Burzan (Hg.) (2019): Komplexe Dynamiken globaler und lokaler Entwicklungen. Verhandlungen des 39. Kongresses der Deutschen Gesellschaft f\u00fcr Soziologie in G\u00f6ttingen 2018, 1-14  <\/li>\n<!-- \/wp:list-item -->\n\n<!-- wp:list-item {\"translatedWithWPMLTM\":\"1\"} -->\n<li>Maasen, Sabine; Dickel, Sascha: Normative answers \u2013 epistemic questions. Updating the science-society contract, in: Canzler, Weert; Kuhlmann, Stefan; Simon, Dagmar (Hg.)(2019): Handbook of Science and Public Policy, Cheltenham: Edward Elgar, 49-66* <\/li>\n<!-- \/wp:list-item -->\n\n<!-- wp:list-item {\"translatedWithWPMLTM\":\"1\"} -->\n<li>Dickel, Sascha (2019): \u00bbDas verkn\u00f6cherte humanistische Skelett\u2026\u00ab verbessern, erweitern, zerbrechen, ersetzen. Eine Einf\u00fchrung in die Ismen der Selbst\u00fcberwindung des Menschen. Rezension zu: Janina Loh: Trans- und Posthumanismus. Eine Einf\u00fchrung, Hamburg 2018, 224 S., in: Alexander Friedrich, Petra Gehring, Christoph Hubig, Andreas Kaminski, Alfred Nordmann (Hrsg.), Baden-Baden: Nomos, 217-222   <\/li>\n<!-- \/wp:list-item -->\n\n<!-- wp:list-item {\"translatedWithWPMLTM\":\"1\"} -->\n<li>Dickel, Sascha (2019): User Labs, in: Birgit Bl\u00e4ttel-Mink, Alexander Ebner, Info Schulz-Schaeffer, Arnold Windeler (Hg.): Handbuch der Innovationsforschung. Sozialwissenschaftliche Perspektiven. Wiesbaden: Springer VS, 1-15*  <\/li>\n<!-- \/wp:list-item -->\n\n<!-- wp:list-item {\"translatedWithWPMLTM\":\"1\"} -->\n<li>Dickel, Sascha (2019): Infrastruktur, Interface, Intelligenz. Zur medientechnologischen Bedingung digitaler Vergesellschaftung, in: Nils Heyen, Sascha Dickel, Anne Br\u00fcninghaus (Hg.): Personal Health Science. Pers\u00f6nliches Gesundheitswissen zwischen Selbstsorge und B\u00fcrgerforschung, Wiesbaden: Springer, 219-239  <\/li>\n<!-- \/wp:list-item -->\n\n<!-- wp:list-item {\"translatedWithWPMLTM\":\"1\"} -->\n<li>Heyen, Nils; Dickel, Sascha (2019): Was ist Personal Health Science? in: Nils Heyen, Sascha Dickel, Anne Br\u00fcninghaus (Hg.): Personal Health Science. Pers\u00f6nliches Gesundheitswissen zwischen Selbstsorge und B\u00fcrgerforschung, Wiesbaden: Springer, 1-19  <\/li>\n<!-- \/wp:list-item -->\n\n<!-- wp:list-item {\"translatedWithWPMLTM\":\"1\"} -->\n<li>Dickel, Sascha (2018): Der Neue Mensch \u2013 Ein (technik)utopisches Upgrade. Der transhumane Traum vom Human Enhancement, in: APuZ-Redaktion (Ed): Der Neue Mensch. Bonn: Bundeszentrale f\u00fcr politische Bildung, 85-95  <\/li>\n<!-- \/wp:list-item -->\n\n<!-- wp:list-item {\"translatedWithWPMLTM\":\"1\"} -->\n<li>Dickel, Sascha; Thiem, Carolin (2017): Zur Organisation von Arbeit 4.0: Crowdsourcing als Sozialtechnologie? in: Jens Wulfsberg, Tobias Redlich, Manuel Moritz (Hg.): Vernetzt \u2013 Dezentral \u2013 Kollaborativ. Interdisziplin\u00e4re Perspektiven zur Zukunft der Wertsch\u00f6pfung. Wiesbaden: Springer Gabler, 247-254*   <\/li>\n<!-- \/wp:list-item -->\n\n<!-- wp:list-item {\"translatedWithWPMLTM\":\"1\"} -->\n<li>Dickel, Sascha; Thiem, Carolin (2017): Bestellte Massen. Auf dem Weg zu einer Theorie des Crowdsourcing, in: Stephan Lessenich (Hg.) 2017: Geschlossene Gesellschaften. Verhandlungen des 38. Kongresses der Deutschen Gesellschaft f\u00fcr Soziologie in Bamberg 2016  <\/li>\n<!-- \/wp:list-item -->\n\n<!-- wp:list-item {\"translatedWithWPMLTM\":\"1\"} -->\n<li>Dickel, Sascha; Lipp, Benjamin (2016): Systemtheorie und Technikkritik, in: Kolja M\u00f6ller, Jasmin Siri (Hg.): Systemtheorie und Gesellschaftskritik. Perspektiven der Kritischen Systemtheorie, Bielefeld: transcript, 151-167* <\/li>\n<!-- \/wp:list-item -->\n\n<!-- wp:list-item {\"translatedWithWPMLTM\":\"1\"} -->\n<li>Dickel, Sascha; Ferdinand, Jan-Peter; Petschow, Ulrich (2016): The Multiple Applications of 3D Printing: Between Maker Movements and the Future of Manufacturing, in: Jan-Peter Ferdinand, Ulrich Petschow, Sascha Dickel (eds.): The Decentralized and Networked Future of Value Creation. 3D Printing and its Implications for Society, Industry, and Sustainable Development, Dordrecht: Springer <\/li>\n<!-- \/wp:list-item -->\n\n<!-- wp:list-item {\"translatedWithWPMLTM\":\"1\"} -->\n<li>Dickel Sascha (2016): Utopische Technologien in technologisierten Gesellschaften, in: Konrad Paul Liessmann (Hg.): Neue Menschen! Bilden, optimieren, perfektionieren, M\u00fcnchen: Zsolnay\u2009\/\u2009Deuticke, 101-115 <\/li>\n<!-- \/wp:list-item -->\n\n<!-- wp:list-item {\"translatedWithWPMLTM\":\"1\"} -->\n<li>Maasen, Sabine; Dickel, Sascha: Partizipation, Responsivit\u00e4t, Verantwortung (2016). Zur Realfiktion eines neuen Gesellschaftsvertrags, in: Dagmar Simon, Andreas Knie, Stefan Hornbostel (eds.): Handbuch Wissenschaftspolitik, Wiesbaden: VS, 225-242* <\/li>\n<!-- \/wp:list-item -->\n\n<!-- wp:list-item {\"translatedWithWPMLTM\":\"1\"} -->\n<li>Dickel, Sascha: Natur in der Krise. Die Technisierung der Lebenswelt und die Antiquiertheit biokonservativer Technikkritik, in: Diego Compagna (Hg.) (2015): Leben zwischen Natur und Kultur. Zur Neuaushandlung von Natur und Kultur in den Technik- und Lebenswissenschaften, Bielefeld: transcript, 45-71*  <\/li>\n<!-- \/wp:list-item -->\n\n<!-- wp:list-item {\"translatedWithWPMLTM\":\"1\"} -->\n<li>Dickel, Sascha; Frewer, Andreas (2014): Life Extension. Eternal Debates on Immortality, in: Robert Ranisch, Stefan Lorenz Sorgner (eds.): Post- and Transhumanism. An Introduction, Frankfurt am Main: Peter Lang, 119-131*  <\/li>\n<!-- \/wp:list-item -->\n\n<!-- wp:list-item {\"translatedWithWPMLTM\":\"1\"} -->\n<li>Dickel, Sascha (2014): Be Afraid of the Unmodified Body! The Social Construction of Risk in Enhancement Utopianism, in: Miriam Eilers, Katrin Gr\u00fcber, Christoph Rehmann-Sutter (eds.): The Human Enhancement Debate and Disability. New Bodies for a Better Life? Houndmills: Palgrave Macmillan, 227-244*   <\/li>\n<!-- \/wp:list-item -->\n\n<!-- wp:list-item {\"translatedWithWPMLTM\":\"1\"} -->\n<li>Dickel, Sascha (2014): Die Regulierung der Zukunft. \u201cEmerging Technologies\u201d und das Problem der Exklusion des Spekulativen, in: Alfons Bora, Anna Henkel, Carsten Reinhardt (Hg.): Wissensregulierung und Regulierungswissen, Weilerswist: Velbr\u00fcck, 201-218* <\/li>\n<!-- \/wp:list-item -->\n\n<!-- wp:list-item {\"translatedWithWPMLTM\":\"1\"} -->\n<li>Dickel, Sascha (2013): Beyond Cynicism? Climate Engineering Technologies and Vegan Diets as Alternative Solutions for Climate Change, in: Achim Maas, Bodo Balazs, Roger Roffey, Irina Comardicea and Clementine Burnley (eds.): Global Environmental Change: New Drivers for Resistance, Crime and Terrorism? Baden-Baden: Nomos, 243-259*  <\/li>\n<!-- \/wp:list-item -->\n\n<!-- wp:list-item {\"translatedWithWPMLTM\":\"1\"} -->\n<li>Dickel, Sascha (2012): Im Netz der Selbstreferenz. Facebook-Kommunikation als Antwort auf die \u201cKatastrophe\u201d des Internet, in: Ulrich Dolata, Jan-Felix Schrape (Hg.): Internet, Mobile Devices und die Transformation der Medien. Radikaler Wandel als schrittweise Rekonfiguration, Berlin: edition sigma, 331-356*  <\/li>\n<!-- \/wp:list-item -->\n\n<!-- wp:list-item {\"translatedWithWPMLTM\":\"1\"} -->\n<li>Dickel, Sascha (2012): The obsolete Body? Technik als Gegenwart der menschlichen Natur, in: Armin Grunwald, Justus von Hartlieb (Hg.): Ist Technik die Zukunft der menschlichen Natur? Hannover: Wehrhahn, 94-103  <\/li>\n<!-- \/wp:list-item -->\n\n<!-- wp:list-item {\"translatedWithWPMLTM\":\"1\"} -->\n<li>Dickel, Sascha (2012): Utopische Kritik. Zur Krise einer Semantik, in: Hans-Georg Soeffner (Hg.): Transnationale Vergesellschaftungen: Verhandlungen des 35. Kongresses der Deutschen Gesellschaft f\u00fcr Soziologie in Frankfurt am Main 2010, Wiesbaden: VS, 1-10 (CD-ROM). <\/li>\n<!-- \/wp:list-item -->\n\n<!-- wp:list-item {\"translatedWithWPMLTM\":\"1\"} -->\n<li>Dickel, Sascha (2011): Verf\u00fchrung zur Grenz\u00fcberschreitung. Liberale Utopien des Enhancements, in: Sascha Dickel, Martina Franzen, Christoph Kehl (Hg.): Herausforderung Biomedizin \u2013 Gesellschaftliche Deutung und soziale Praxis, Bielefeld: transcript, 251-166 <\/li>\n<!-- \/wp:list-item -->\n\n<!-- wp:list-item {\"translatedWithWPMLTM\":\"1\"} -->\n<li>Dickel, Sascha (2011): Entgrenzung der Machbarkeit? Biopolitische Utopien des Enhancements, in: Peter B\u00f6hlemann, Almuth Hattenbach, Lars Klinnert, Peter Markus (Hg.): Der machbare Mensch? Moderne Hirnforschung, biomedizinisches Enhancement und christliches Menschenbild, Berlin \/ M\u00fcnster: Lit, 75-84  <\/li>\n<!-- \/wp:list-item -->\n\n<!-- wp:list-item {\"translatedWithWPMLTM\":\"1\"} -->\n<li>Dickel, Sascha (2009): Utopische Positionierungen - Vor\u00fcberlegungen zu einer Wissenssoziologie des Utopischen am Beispiel popul\u00e4rwissenschaftlicher Enhancement-Visionenen, in: Rolf Steltemeier, Sascha Dickel, Sandro Gaycken, Tobias Knobloch (eds.): Neue Utopien. On the transformation of a genre, Heidelberg: Manutius, 169-200 <\/li>\n<!-- \/wp:list-item -->\n\n<!-- wp:list-item {\"translatedWithWPMLTM\":\"1\"} -->\n<li>Steltemeier, Rolf; Dickel, Sascha; Gaycken, Sandro; Knobloch, Tobias: Einleitung, in: Rolf Steltemeier, Sascha Dickel, Sandro Gaycken, Tobias Knobloch (Hg.) (2009): Neue Utopien. Zum Wandel eines Genres, Heidelberg: Manutius, 8-17 <\/li>\n<!-- \/wp:list-item -->\n\n<!-- wp:list-item {\"translatedWithWPMLTM\":\"1\"} -->\n<li>Dickel, Sascha (2009): Lernbereitschaft als Norm. \u00dcberlegungen zur Struktur der Wissensgesellschaft, in: Michael Klein (Hg.): Die Zukunft des Wissens: Eine transdisziplin\u00e4re Diskussion \u00fcber den Aufbruch in die Wissensgesellschaft, Frankfurt: Institute for New Media, 6-15 <\/li>\n<!-- \/wp:list-item -->\n\n<!-- wp:list-item {\"translatedWithWPMLTM\":\"1\"} -->\n<li>Dickel, Sascha (2008): \u201cBig brother is not watching you\u201d. Die Anwesenheit der abwesenden Gesellschaft in Vincenzo Natalis \u201cCube\u201d, in: Jan A. Fuhse (Hg.): Technik und Gesellschaft in der Science Fiction, M\u00fcnster: Lit, 159-174 <\/li>\n<!-- \/wp:list-item -->\n\n<!-- wp:list-item {\"translatedWithWPMLTM\":\"1\"} -->\n<li>Dickel, Sascha (2008): Steuerung oder Evolution? Enhancement als biopolitischer Konflikt, in: Karl-Siegbert Rehberg (Hg.): Die Natur der Gesellschaft. Verhandlungen des 33. Kongresses der Deutschen Gesellschaft f\u00fcr Soziologie in Kassel 2006, Frankfurt am Main, New York: Campus, 2314-2325  <\/li>\n<!-- \/wp:list-item --><\/ul>\n<!-- \/wp:list --><\/div><\/div>\n<!-- \/wp:jgu\/section --><!-- wp:jgu\/section {\"color\": \"white\"} -->\n<div class=\"jgu-bgsection bg bg-white\"><div class=\"content padding-medium\"><!-- wp:jgu\/anchorpoint {\"title\":\"Courses\",\"slug\":\"teaching events\"} \/-->\n\n<!-- wp:jgu\/heading {\"tags\":{\"htmlTag\":\"h2\",\"classTag\":\"h3\",\"tag\":\"h2.h3\"},\"heading\":\"Courses\"} \/-->\n\n<!-- wp:paragraph {\"translatedWithWPMLTM\":\"1\"} -->\n<p><strong>Summer semester 2025<\/strong><\/p>\n<!-- \/wp:paragraph -->\n\n<!-- wp:columns -->\n<div class=\"wp-block-columns\"><!-- wp:column {\"width\":\"66.66%\"} -->\n<div class=\"wp-block-column\" style=\"flex-basis:66.66%\"><!-- wp:paragraph {\"fontSize\":\"normal\",\"translatedWithWPMLTM\":\"1\"} -->\n<p class=\"has-normal-font-size\"><strong>Lecture<\/strong>: <br\/>Introduction to the Sociology of Media (every summer semester)<\/p>\n<!-- \/wp:paragraph -->\n\n<!-- wp:paragraph {\"fontSize\":\"normal\",\"translatedWithWPMLTM\":\"1\"} -->\n<p class=\"has-normal-font-size\"><strong>Seminars<\/strong>:<br\/>Communication with machines <br\/>Project seminar Media Futures (Part 1)<br\/><br\/><strong>Colloquiums<\/strong>:<br\/>Media and society: master's theses and doctoral dissertations (every semester)<br\/><\/p>\n<!-- \/wp:paragraph --><\/div>\n<!-- \/wp:column -->\n\n<!-- wp:column {\"width\":\"33.33%\",\"layout\":{\"type\":\"default\"}} -->\n<div class=\"wp-block-column\" style=\"flex-basis:33.33%\"><!-- wp:media-text {\"mediaId\":14580,\"mediaLink\":\"https:\/\/medien-gesellschaft.soziologie.uni-mainz.de\/12184-2\/jogustine_webtauglich-150x132-3\/\",\"linkDestination\":\"custom\",\"mediaType\":\"image\",\"mediaWidth\":25,\"translatedWithWPMLTM\":\"1\"} -->\n<div class=\"wp-block-media-text is-stacked-on-mobile\" style=\"grid-template-columns:25% auto\"><figure class=\"wp-block-media-text__media\"><a href=\"https:\/\/jogustine.uni-mainz.de\/\"><img src=\"https:\/\/cms.zdv.uni-mainz.de\/fb02-mediensoziologie\/wp-content\/uploads\/sites\/214\/2025\/02\/JOGUStINe_webtauglich-150x132-3.gif\" alt=\"\" class=\"wp-image-14580 size-full\" \/><\/a><\/figure><div class=\"wp-block-media-text__content\"><!-- wp:paragraph {\"placeholder\":\"Content\u2026\"} -->\n<p><\/p>\n<!-- \/wp:paragraph --><\/div><\/div>\n<!-- \/wp:media-text --><\/div>\n<!-- \/wp:column --><\/div>\n<!-- \/wp:columns -->\n\n<!-- wp:paragraph {\"fontSize\":\"normal\",\"translatedWithWPMLTM\":\"1\"} -->\n<p class=\"has-normal-font-size\"><strong>Past seminars<\/strong> <strong>(selection)<\/strong>:<br\/>Interpersonal communication <br\/>Science fiction and society <br\/>Media futures<br\/>The autonomy of science?  <br\/>Social media<br\/>Hermeneutic media and communication research<br\/>Interpersonal communication and its mediatization<br\/>Theory of Society: Andreas Reckwitz<br\/>Posthumanism<br\/>Science and the public  <br\/>Algorithms and society<br\/>Theory of Society: Niklas Luhmann<br\/>Digitalization and society  <br\/>Sociological interpretation: Introduction to hermeneutic sequence analysis  <br\/>Film sociology  <\/p>\n<!-- \/wp:paragraph --><\/div><\/div>\n<!-- \/wp:jgu\/section -->","_links":{"self":[{"href":"https:\/\/medien-gesellschaft.soziologie.uni-mainz.de\/en\/wp-json\/wp\/v2\/pages\/16741","targetHints":{"allow":["GET"]}}],"collection":[{"href":"https:\/\/medien-gesellschaft.soziologie.uni-mainz.de\/en\/wp-json\/wp\/v2\/pages"}],"about":[{"href":"https:\/\/medien-gesellschaft.soziologie.uni-mainz.de\/en\/wp-json\/wp\/v2\/types\/page"}],"author":[{"embeddable":true,"href":"https:\/\/medien-gesellschaft.soziologie.uni-mainz.de\/en\/wp-json\/wp\/v2\/users\/492"}],"replies":[{"embeddable":true,"href":"https:\/\/medien-gesellschaft.soziologie.uni-mainz.de\/en\/wp-json\/wp\/v2\/comments?post=16741"}],"version-history":[{"count":15,"href":"https:\/\/medien-gesellschaft.soziologie.uni-mainz.de\/en\/wp-json\/wp\/v2\/pages\/16741\/revisions"}],"predecessor-version":[{"id":17956,"href":"https:\/\/medien-gesellschaft.soziologie.uni-mainz.de\/en\/wp-json\/wp\/v2\/pages\/16741\/revisions\/17956"}],"wp:attachment":[{"href":"https:\/\/medien-gesellschaft.soziologie.uni-mainz.de\/en\/wp-json\/wp\/v2\/media?parent=16741"}],"wp:term":[{"taxonomy":"category","embeddable":true,"href":"https:\/\/medien-gesellschaft.soziologie.uni-mainz.de\/en\/wp-json\/wp\/v2\/categories?post=16741"},{"taxonomy":"post_tag","embeddable":true,"href":"https:\/\/medien-gesellschaft.soziologie.uni-mainz.de\/en\/wp-json\/wp\/v2\/tags?post=16741"}],"curies":[{"name":"wp","href":"https:\/\/api.w.org\/{rel}","templated":true}]}}